{"version":"1.0","provider_name":"Av. Deniz Can K\u0131z\u0131l","provider_url":"http:\/\/denizcankizil.tr\/de","author_name":"admin","author_url":"http:\/\/denizcankizil.tr\/de\/author\/admin\/","title":"9 ilde 343 \u015f\u00fcpheli g\u00f6zalt\u0131na al\u0131nd\u0131","type":"rich","width":600,"height":338,"html":"<blockquote class=\"wp-embedded-content\" data-secret=\"wk3fDWZbNn\"><a href=\"http:\/\/denizcankizil.tr\/de\/haberler\/gundem\/9-ilde-343-supheli-gozaltina-alindi\/\">9 ilde 343 \u015f\u00fcpheli g\u00f6zalt\u0131na al\u0131nd\u0131<\/a><\/blockquote><iframe sandbox=\"allow-scripts\" security=\"restricted\" src=\"http:\/\/denizcankizil.tr\/de\/haberler\/gundem\/9-ilde-343-supheli-gozaltina-alindi\/embed\/#?secret=wk3fDWZbNn\" width=\"600\" height=\"338\" title=\"&#8222;9 ilde 343 \u015f\u00fcpheli g\u00f6zalt\u0131na al\u0131nd\u0131&#8220; &#8211; Av. Deniz Can K\u0131z\u0131l\" data-secret=\"wk3fDWZbNn\" frameborder=\"0\" marginwidth=\"0\" marginheight=\"0\" scrolling=\"no\" class=\"wp-embedded-content\"><\/iframe><script>\n\/*! This file is auto-generated *\/\n!function(d,l){\"use strict\";l.querySelector&&d.addEventListener&&\"undefined\"!=typeof URL&&(d.wp=d.wp||{},d.wp.receiveEmbedMessage||(d.wp.receiveEmbedMessage=function(e){var t=e.data;if((t||t.secret||t.message||t.value)&&!\/[^a-zA-Z0-9]\/.test(t.secret)){for(var s,r,n,a=l.querySelectorAll('iframe[data-secret=\"'+t.secret+'\"]'),o=l.querySelectorAll('blockquote[data-secret=\"'+t.secret+'\"]'),c=new RegExp(\"^https?:$\",\"i\"),i=0;i<o.length;i++)o[i].style.display=\"none\";for(i=0;i<a.length;i++)s=a[i],e.source===s.contentWindow&&(s.removeAttribute(\"style\"),\"height\"===t.message?(1e3<(r=parseInt(t.value,10))?r=1e3:~~r<200&&(r=200),s.height=r):\"link\"===t.message&&(r=new URL(s.getAttribute(\"src\")),n=new URL(t.value),c.test(n.protocol))&&n.host===r.host&&l.activeElement===s&&(d.top.location.href=t.value))}},d.addEventListener(\"message\",d.wp.receiveEmbedMessage,!1),l.addEventListener(\"DOMContentLoaded\",function(){for(var e,t,s=l.querySelectorAll(\"iframe.wp-embedded-content\"),r=0;r<s.length;r++)(t=(e=s[r]).getAttribute(\"data-secret\"))||(t=Math.random().toString(36).substring(2,12),e.src+=\"#?secret=\"+t,e.setAttribute(\"data-secret\",t)),e.contentWindow.postMessage({message:\"ready\",secret:t},\"*\")},!1)))}(window,document);\n\/\/# sourceURL=http:\/\/denizcankizil.tr\/wp-includes\/js\/wp-embed.min.js\n<\/script>","description":"\u0130stanbul Cumhuriyet Ba\u015fsavc\u0131l\u0131\u011f\u0131nca y\u00fcr\u00fct\u00fclen \u0130stanbul B\u00fcy\u00fck\u015fehir Belediyesi soru\u015fturmas\u0131 ile ilgili d\u00fcn gece 9 ilde meydana gelen eylemlerde 343 \u015f\u00fcpheli yakaland\u0131.ANKARA (\u0130GFA) &#8211;\u00a0\u0130\u00e7i\u015fleri Bakan\u0131 Ali Yerlikaya, sosyal medya hesab\u0131ndan, \u0130stanbul Cumhuriyet Ba\u015fsavc\u0131l\u0131\u011f\u0131&#8217;nca y\u00fcr\u00fct\u00fclen \u0130stanbul B\u00fcy\u00fck\u015fehir Belediyesi soru\u015fturmas\u0131 ile ilgili d\u00fcn gece \u0130stanbul, Ankara, \u0130zmir, Adana, Antalya, \u00c7anakkale, Eski\u015fehir, Konya ve Edirne&#8217;de meydana gelen eylemlerde 343 \u015f\u00fcpheli yakaland\u0131\u011f\u0131n\u0131 a\u00e7\u0131klad\u0131. Bakan Yerlikaya payla\u015f\u0131m\u0131nda ayr\u0131a &#8221;Toplumsal d\u00fczeni bozmaya, milletimizin huzurunu ve g\u00fcvenli\u011fini tehdit etmeye, karga\u015fa ve provokasyon pe\u015finde ko\u015fanlara asla f\u0131rsat verilmeyecek, kesinlikle g\u00f6z yumulmayacakt\u0131r. Huzur ve g\u00fcvenli\u011fimizin teminat\u0131 olan polislerimiz gece g\u00fcnd\u00fcz demeden g\u00f6revlerinin ba\u015f\u0131ndalar&#8221; ifadelerine yer verdi.\u00a0 \u0130stanbul Cumhuriyet Ba\u015fsavc\u0131l\u0131\u011f\u0131nca y\u00fcr\u00fct\u00fclen \u0130stanbul B\u00fcy\u00fck\u015fehir Belediyesi soru\u015fturmas\u0131 ile ilgili d\u00fcn gece \u0130stanbul, Ankara, \u0130zmir, Adana, Antalya, \u00c7anakkale, Eski\u015fehir, Konya ve Edirne\u2019de meydana gelen eylemlerde 343 \u015f\u00fcpheli yakaland\u0131\u2757\ufe0f Toplumsal d\u00fczeni bozmaya, milletimizin\u2026 &mdash; Ali Yerlikaya (@AliYerlikaya) March 22, 2025 \u200b\u0130stanbul Cumhuriyet Ba\u015fsavc\u0131l\u0131\u011f\u0131nca y\u00fcr\u00fct\u00fclen \u0130stanbul B\u00fcy\u00fck\u015fehir Belediyesi soru\u015fturmas\u0131 ile ilgili d\u00fcn gece 9 ilde meydana gelen eylemlerde 343 \u015f\u00fcpheli yakaland\u0131.ANKARA (\u0130GFA) &#8211;\u00a0\u0130\u00e7i\u015fleri Bakan\u0131 Ali Yerlikaya, sosyal medya hesab\u0131ndan, \u0130stanbul Cumhuriyet Ba\u015fsavc\u0131l\u0131\u011f\u0131&#8217;nca y\u00fcr\u00fct\u00fclen \u0130stanbul B\u00fcy\u00fck\u015fehir Belediyesi soru\u015fturmas\u0131 ile ilgili d\u00fcn gece \u0130stanbul, Ankara, \u0130zmir, Adana, Antalya, \u00c7anakkale, Eski\u015fehir, Konya ve Edirne&#8217;de meydana gelen eylemlerde 343 \u015f\u00fcpheli yakaland\u0131\u011f\u0131n\u0131 a\u00e7\u0131klad\u0131. Bakan Yerlikaya payla\u015f\u0131m\u0131nda ayr\u0131a &#8221;Toplumsal d\u00fczeni bozmaya, milletimizin huzurunu &hellip;"}