{"version":"1.0","provider_name":"Av. Deniz Can K\u0131z\u0131l","provider_url":"http:\/\/denizcankizil.tr\/de","author_name":"admin","author_url":"http:\/\/denizcankizil.tr\/de\/author\/admin\/","title":"120 organizat\u00f6r ile 519 d\u00fczensiz g\u00f6\u00e7men yakaland\u0131","type":"rich","width":600,"height":338,"html":"<blockquote class=\"wp-embedded-content\" data-secret=\"Q0DHOVPgwS\"><a href=\"http:\/\/denizcankizil.tr\/de\/haberler\/gundem\/120-organizator-ile-519-duzensiz-gocmen-yakalandi\/\">120 organizat\u00f6r ile 519 d\u00fczensiz g\u00f6\u00e7men yakaland\u0131<\/a><\/blockquote><iframe sandbox=\"allow-scripts\" security=\"restricted\" src=\"http:\/\/denizcankizil.tr\/de\/haberler\/gundem\/120-organizator-ile-519-duzensiz-gocmen-yakalandi\/embed\/#?secret=Q0DHOVPgwS\" width=\"600\" height=\"338\" title=\"&#8222;120 organizat\u00f6r ile 519 d\u00fczensiz g\u00f6\u00e7men yakaland\u0131&#8220; &#8211; Av. Deniz Can K\u0131z\u0131l\" data-secret=\"Q0DHOVPgwS\" frameborder=\"0\" marginwidth=\"0\" marginheight=\"0\" scrolling=\"no\" class=\"wp-embedded-content\"><\/iframe><script>\n\/*! This file is auto-generated *\/\n!function(d,l){\"use strict\";l.querySelector&&d.addEventListener&&\"undefined\"!=typeof URL&&(d.wp=d.wp||{},d.wp.receiveEmbedMessage||(d.wp.receiveEmbedMessage=function(e){var t=e.data;if((t||t.secret||t.message||t.value)&&!\/[^a-zA-Z0-9]\/.test(t.secret)){for(var s,r,n,a=l.querySelectorAll('iframe[data-secret=\"'+t.secret+'\"]'),o=l.querySelectorAll('blockquote[data-secret=\"'+t.secret+'\"]'),c=new RegExp(\"^https?:$\",\"i\"),i=0;i<o.length;i++)o[i].style.display=\"none\";for(i=0;i<a.length;i++)s=a[i],e.source===s.contentWindow&&(s.removeAttribute(\"style\"),\"height\"===t.message?(1e3<(r=parseInt(t.value,10))?r=1e3:~~r<200&&(r=200),s.height=r):\"link\"===t.message&&(r=new URL(s.getAttribute(\"src\")),n=new URL(t.value),c.test(n.protocol))&&n.host===r.host&&l.activeElement===s&&(d.top.location.href=t.value))}},d.addEventListener(\"message\",d.wp.receiveEmbedMessage,!1),l.addEventListener(\"DOMContentLoaded\",function(){for(var e,t,s=l.querySelectorAll(\"iframe.wp-embedded-content\"),r=0;r<s.length;r++)(t=(e=s[r]).getAttribute(\"data-secret\"))||(t=Math.random().toString(36).substring(2,12),e.src+=\"#?secret=\"+t,e.setAttribute(\"data-secret\",t)),e.contentWindow.postMessage({message:\"ready\",secret:t},\"*\")},!1)))}(window,document);\n\/\/# sourceURL=http:\/\/denizcankizil.tr\/wp-includes\/js\/wp-embed.min.js\n<\/script>","description":"Ramazan Bayram\u0131n\u0131 da i\u00e7ine alan 9 g\u00fcnl\u00fck tatilde d\u00fczensiz g\u00f6\u00e7 ve g\u00f6\u00e7men ka\u00e7ak\u00e7\u0131l\u0131\u011f\u0131na y\u00f6nelik d\u00fczenlenen faaliyetleri payla\u015fan \u0130\u00e7i\u015fleri Bakan\u0131 Ali Yerlikaya, 120 g\u00f6\u00e7men ka\u00e7ak\u00e7\u0131l\u0131\u011f\u0131 organizat\u00f6r\u00fc ile 519 d\u00fczensiz g\u00f6\u00e7menin yakaland\u0131\u011f\u0131n\u0131, bin 951 d\u00fczensiz g\u00f6\u00e7menin ise geri g\u00f6nderme merkezlerine sevk edildi\u011fini a\u00e7\u0131klad\u0131. (\u0130GFA) &#8211; \u0130\u00e7i\u015fleri Bakan\u0131 Ali Yerlikaya, 19-27 Mart 2025 tarihleri aras\u0131nda, Ramazan Bayram\u0131 tatilinde d\u00fczensiz g\u00f6\u00e7 ve g\u00f6\u00e7men ka\u00e7ak\u00e7\u0131l\u0131\u011f\u0131na y\u00f6nelik d\u00fczenlenen operasyonlar\u0131n sonu\u00e7lar\u0131n\u0131 a\u00e7\u0131klad\u0131. T\u00fcrkiye genelinde 33 ilde ger\u00e7ekle\u015ftirilen operasyonlarda 120 g\u00f6\u00e7men ka\u00e7ak\u00e7\u0131l\u0131\u011f\u0131 organizat\u00f6r\u00fc ve 519 d\u00fczensiz g\u00f6\u00e7men yakaland\u0131\u011f\u0131n\u0131 duyuran Bakan Yerlikaya, 81 ilde ise 270 Mobil G\u00f6\u00e7 Noktas\u0131 arac\u0131yla yap\u0131lan denetimlerde 107 bin 796 ki\u015fiye kimlik kontrol\u00fc uyguland\u0131\u011f\u0131 ve bin 951 d\u00fczensiz g\u00f6\u00e7men tespit edilerek geri g\u00f6nderme merkezlerine sevk edildi\u011fini kaydetti. Operasyonlar\u0131n \u015fehir merkezleri, uygulama noktalar\u0131, terminaller, garlar, havalimanlar\u0131, parklar ve sahillerde yo\u011funla\u015ft\u0131r\u0131ld\u0131\u011f\u0131n\u0131 kaydeden Bakan Yerlikaya, 2023 y\u0131l\u0131nda hizmete giren Mobil G\u00f6\u00e7 Noktas\u0131 ara\u00e7lar\u0131yla yap\u0131lan kontrollerde d\u00fczensiz g\u00f6\u00e7men tespit oran\u0131n\u0131n y\u00fczde 74,5\u2019ten 2025 Mart ay\u0131 itibariyle y\u00fczde 1,9\u2019a d\u00fc\u015ft\u00fc\u011f\u00fcn\u00fc belirtti. T\u00fcrkiye\u2019nin d\u00fczensiz g\u00f6\u00e7 rotas\u0131 olmaktan \u00e7\u0131kt\u0131\u011f\u0131n\u0131 vurgulayan Bakan Yerlikaya, m\u00fccadelelerin s\u0131n\u0131rlar, hudut kap\u0131lar\u0131 ve 81 ilde kararl\u0131l\u0131kla s\u00fcrece\u011fini ifade ederek, operasyonlar\u0131 ger\u00e7ekle\u015ftiren ekipleri tebrik etti. \u200bRamazan Bayram\u0131n\u0131 da i\u00e7ine alan 9 g\u00fcnl\u00fck tatilde d\u00fczensiz g\u00f6\u00e7 ve g\u00f6\u00e7men ka\u00e7ak\u00e7\u0131l\u0131\u011f\u0131na y\u00f6nelik d\u00fczenlenen faaliyetleri payla\u015fan \u0130\u00e7i\u015fleri Bakan\u0131 Ali Yerlikaya, 120 g\u00f6\u00e7men &hellip;"}