{"version":"1.0","provider_name":"Av. Deniz Can K\u0131z\u0131l","provider_url":"http:\/\/denizcankizil.tr\/de","author_name":"admin","author_url":"http:\/\/denizcankizil.tr\/de\/author\/admin\/","title":"1,2 milyar TL tutar\u0131ndaki SED \u00f6demeleri hesaplarda","type":"rich","width":600,"height":338,"html":"<blockquote class=\"wp-embedded-content\" data-secret=\"NvwyJW3qki\"><a href=\"http:\/\/denizcankizil.tr\/de\/haberler\/gundem\/12-milyar-tl-tutarindaki-sed-odemeleri-hesaplarda\/\">1,2 milyar TL tutar\u0131ndaki SED \u00f6demeleri hesaplarda<\/a><\/blockquote><iframe sandbox=\"allow-scripts\" security=\"restricted\" src=\"http:\/\/denizcankizil.tr\/de\/haberler\/gundem\/12-milyar-tl-tutarindaki-sed-odemeleri-hesaplarda\/embed\/#?secret=NvwyJW3qki\" width=\"600\" height=\"338\" title=\"&#8222;1,2 milyar TL tutar\u0131ndaki SED \u00f6demeleri hesaplarda&#8220; &#8211; Av. Deniz Can K\u0131z\u0131l\" data-secret=\"NvwyJW3qki\" frameborder=\"0\" marginwidth=\"0\" marginheight=\"0\" scrolling=\"no\" class=\"wp-embedded-content\"><\/iframe><script>\n\/*! This file is auto-generated *\/\n!function(d,l){\"use strict\";l.querySelector&&d.addEventListener&&\"undefined\"!=typeof URL&&(d.wp=d.wp||{},d.wp.receiveEmbedMessage||(d.wp.receiveEmbedMessage=function(e){var t=e.data;if((t||t.secret||t.message||t.value)&&!\/[^a-zA-Z0-9]\/.test(t.secret)){for(var s,r,n,a=l.querySelectorAll('iframe[data-secret=\"'+t.secret+'\"]'),o=l.querySelectorAll('blockquote[data-secret=\"'+t.secret+'\"]'),c=new RegExp(\"^https?:$\",\"i\"),i=0;i<o.length;i++)o[i].style.display=\"none\";for(i=0;i<a.length;i++)s=a[i],e.source===s.contentWindow&&(s.removeAttribute(\"style\"),\"height\"===t.message?(1e3<(r=parseInt(t.value,10))?r=1e3:~~r<200&&(r=200),s.height=r):\"link\"===t.message&&(r=new URL(s.getAttribute(\"src\")),n=new URL(t.value),c.test(n.protocol))&&n.host===r.host&&l.activeElement===s&&(d.top.location.href=t.value))}},d.addEventListener(\"message\",d.wp.receiveEmbedMessage,!1),l.addEventListener(\"DOMContentLoaded\",function(){for(var e,t,s=l.querySelectorAll(\"iframe.wp-embedded-content\"),r=0;r<s.length;r++)(t=(e=s[r]).getAttribute(\"data-secret\"))||(t=Math.random().toString(36).substring(2,12),e.src+=\"#?secret=\"+t,e.setAttribute(\"data-secret\",t)),e.contentWindow.postMessage({message:\"ready\",secret:t},\"*\")},!1)))}(window,document);\n\/\/# sourceURL=http:\/\/denizcankizil.tr\/wp-includes\/js\/wp-embed.min.js\n<\/script>","description":"Aile ve Sosyal Hizmetler Bakan\u0131 Mahinur \u00d6zdemir G\u00f6kta\u015f, \u00e7ocuklar\u0131n sosyal a\u00e7\u0131dan desteklenmesi ve e\u011fitim giderlerinin kar\u015f\u0131lanmas\u0131 i\u00e7in Ocak ay\u0131na y\u00f6nelik toplam 1 milyar 189 milyon lira tutar\u0131ndaki Sosyal ve Ekonomik Destek (SED) \u00f6demesinin hesaplara yat\u0131r\u0131ld\u0131\u011f\u0131n\u0131 a\u00e7\u0131klad\u0131.ANKARA (\u0130GFA) &#8211; Aile ve Sosyal Hizmetler Bakan\u0131 Mahinur \u00d6zdemir G\u00f6kta\u015f, yapt\u0131\u011f\u0131 a\u00e7\u0131klamada, \u00e7ocuklara y\u00f6nelik hizmetlere \u00f6zel \u00f6nem verdiklerini ve \u00e7ocuklar\u0131n farkl\u0131 ihtiya\u00e7lar\u0131n\u0131 g\u00f6zeterek hizmetleri \u00e7e\u015fitlendirdiklerini belirtti. Bu kapsamda SED ile \u00e7ocuklar\u0131, ailelerinin yan\u0131nda ve sosyal \u00e7evresi i\u00e7erisinde desteklediklerini bildiren Bakan G\u00f6kta\u015f, \u00e7ocuklar\u0131n milli de\u011ferlere sahip, kendine g\u00fcvenen, e\u011fitimli ve sa\u011fl\u0131kl\u0131 birer fert olarak yeti\u015fmeleri i\u00e7in t\u00fcm gayretleriyle \u00e7al\u0131\u015ft\u0131klar\u0131n\u0131 ifade etti. Aile odakl\u0131 sosyal hizmet modelleri ile \u00e7ocuklar\u0131n \u00f6ncelikli olarak aile \u015fefkati ve s\u0131cakl\u0131\u011f\u0131yla yeti\u015febilmeleri i\u00e7in gayret g\u00f6sterdiklerini belirten Bakan G\u00f6kta\u015f, \u00e7ocuklar\u0131n sosyal a\u00e7\u0131dan desteklenmesi ve e\u011fitim giderlerinin kar\u015f\u0131lanmas\u0131 i\u00e7in Ocak ay\u0131na y\u00f6nelik toplam 1 milyar 189 milyon lira tutar\u0131ndaki SED \u00f6demesini hesaplara yat\u0131rd\u0131klar\u0131n\u0131 s\u00f6yledi. Sosyal Ekonomik Destekle ailelerin ve \u00e7ocuklar\u0131n psikososyal destek hizmeti ile g\u00fc\u00e7lenmesi sa\u011flanarak \u00e7ocuklara y\u00f6nelik sportif, k\u00fclt\u00fcrel, akademik ve sosyal etkinlikler hayata ge\u00e7iriliyor. \u00d6te yandan Ocak ay\u0131 memur maa\u015f katsay\u0131s\u0131ndaki yeni d\u00fczenlemeyle SED hizmetinde \u00e7ocuk ba\u015f\u0131na yap\u0131lan ekonomik destek tutar\u0131 \u015fubat ay\u0131nda hak sahiplerinin hesaplar\u0131na art\u0131\u015fl\u0131 \u015fekilde ortalama 7 bin 94 lira olarak yat\u0131r\u0131lacak. \u200bAile ve Sosyal Hizmetler Bakan\u0131 Mahinur \u00d6zdemir &hellip;"}