{"version":"1.0","provider_name":"Av. Deniz Can K\u0131z\u0131l","provider_url":"http:\/\/denizcankizil.tr\/de","author_name":"Av. Deniz Can K\u0131z\u0131l","author_url":"http:\/\/denizcankizil.tr\/de\/author\/denizcankizil\/","title":"\u015eehzade Korkut Camii eski g\u00f6rkemine kavu\u015ftu","type":"rich","width":600,"height":338,"html":"<blockquote class=\"wp-embedded-content\" data-secret=\"rZx3aWuiwK\"><a href=\"http:\/\/denizcankizil.tr\/de\/haberler\/antalya\/sehzade-korkut-camii-eski-gorkemine-kavustu\/\">\u015eehzade Korkut Camii eski g\u00f6rkemine kavu\u015ftu<\/a><\/blockquote><iframe sandbox=\"allow-scripts\" security=\"restricted\" src=\"http:\/\/denizcankizil.tr\/de\/haberler\/antalya\/sehzade-korkut-camii-eski-gorkemine-kavustu\/embed\/#?secret=rZx3aWuiwK\" width=\"600\" height=\"338\" title=\"&#8222;\u015eehzade Korkut Camii eski g\u00f6rkemine kavu\u015ftu&#8220; &#8211; Av. Deniz Can K\u0131z\u0131l\" data-secret=\"rZx3aWuiwK\" frameborder=\"0\" marginwidth=\"0\" marginheight=\"0\" scrolling=\"no\" class=\"wp-embedded-content\"><\/iframe><script>\n\/*! This file is auto-generated *\/\n!function(d,l){\"use strict\";l.querySelector&&d.addEventListener&&\"undefined\"!=typeof URL&&(d.wp=d.wp||{},d.wp.receiveEmbedMessage||(d.wp.receiveEmbedMessage=function(e){var t=e.data;if((t||t.secret||t.message||t.value)&&!\/[^a-zA-Z0-9]\/.test(t.secret)){for(var s,r,n,a=l.querySelectorAll('iframe[data-secret=\"'+t.secret+'\"]'),o=l.querySelectorAll('blockquote[data-secret=\"'+t.secret+'\"]'),c=new RegExp(\"^https?:$\",\"i\"),i=0;i<o.length;i++)o[i].style.display=\"none\";for(i=0;i<a.length;i++)s=a[i],e.source===s.contentWindow&&(s.removeAttribute(\"style\"),\"height\"===t.message?(1e3<(r=parseInt(t.value,10))?r=1e3:~~r<200&&(r=200),s.height=r):\"link\"===t.message&&(r=new URL(s.getAttribute(\"src\")),n=new URL(t.value),c.test(n.protocol))&&n.host===r.host&&l.activeElement===s&&(d.top.location.href=t.value))}},d.addEventListener(\"message\",d.wp.receiveEmbedMessage,!1),l.addEventListener(\"DOMContentLoaded\",function(){for(var e,t,s=l.querySelectorAll(\"iframe.wp-embedded-content\"),r=0;r<s.length;r++)(t=(e=s[r]).getAttribute(\"data-secret\"))||(t=Math.random().toString(36).substring(2,12),e.src+=\"#?secret=\"+t,e.setAttribute(\"data-secret\",t)),e.contentWindow.postMessage({message:\"ready\",secret:t},\"*\")},!1)))}(window,document);\n\/\/# sourceURL=http:\/\/denizcankizil.tr\/wp-includes\/js\/wp-embed.min.js\n<\/script>","description":"Bakan Ersoy, Vak\u0131flar Genel M\u00fcd\u00fcrl\u00fc\u011f\u00fc taraf\u0131ndan restore edilen ve Antalya&#8217;n\u0131n en \u00f6nemli tarih\u00ee yap\u0131lar\u0131ndan biri olan \u015eehzade Korkut (Kesik Minare) Camii&#8217;nde incelemelerde bulundu. Ersoy, camide k\u0131l\u0131nan Cuma namaz\u0131n\u0131n ard\u0131ndan yapt\u0131\u011f\u0131 bas\u0131n a\u00e7\u0131klamas\u0131nda; eserin tarihi, restorasyon s\u00fcreci ve yap\u0131lan \u00e7al\u0131\u015fmalar hakk\u0131nda bilgi verdi. &#8220;Bin 300&#8217;den fazla ta\u015f \u00e7\u0131kar\u0131larak numaraland\u0131r\u0131ld\u0131&#8221; K\u00fclt\u00fcr ve Turizm Bakan\u0131 Ersoy, camide uzun s\u00fcre\u00e7ler s\u0131ras\u0131nda 6 kere farkl\u0131 d\u00f6nemlerde restorasyonlar ve ilave in\u015faatlar yap\u0131ld\u0131\u011f\u0131n\u0131 dile getirerek, ge\u00e7mi\u015f zamanda o y\u00fczden \u00e7ok zorlu bir restorasyon s\u00fcreci ge\u00e7irdi\u011fini s\u00f6yledi. Caminin farkl\u0131 katmanlarda farkl\u0131 kal\u0131nt\u0131lar\u0131 i\u00e7erdi\u011fini belirten Ersoy, \u015fu ifadeleri kulland\u0131: &#8220;Hem bah\u00e7esinde hem binada bulunan bin 300&#8217;den fazla ta\u015f \u00e7\u0131kar\u0131larak katalogland\u0131, numaraland\u0131r\u0131ld\u0131. Sonra bilim adamlar\u0131n\u0131n yapt\u0131\u011f\u0131 uzun \u00e7al\u0131\u015fmalar ve uygulamalar sonras\u0131nda tekrar olmas\u0131 gerekti\u011fi yere her ta\u015f tekrar monte edilerek caminin restorasyonu me\u015fakkatli bir s\u00fcre\u00e7ten sonra tamamland\u0131.&#8221; Ersoy, caminin milattan sonra 6. 7. y\u00fczy\u0131llarda kilise olarak in\u015fa edildi\u011fini dile getirerek daha sonras\u0131nda 1481-1530 y\u0131llar\u0131 aras\u0131nda \u015eehzade korkut taraf\u0131ndan camiye d\u00f6n\u00fc\u015ft\u00fcr\u00fcld\u00fc\u011f\u00fcn\u00fc aktard\u0131. 1896&#8217;da bir yang\u0131n felaketi ile kar\u015f\u0131la\u015ft\u0131\u011f\u0131n\u0131 s\u00f6yleyen Ersoy, &#8220;126 y\u0131l boyunca ihmal edilen bir s\u00fcre\u00e7 vard\u0131 burada. Ama 2017 y\u0131l\u0131nda Vak\u0131flar Genel M\u00fcd\u00fcrl\u00fc\u011f\u00fcm\u00fcz\u00fcn ba\u015flatt\u0131\u011f\u0131 \u00e7al\u0131\u015fmayla ve Antalya Valili\u011fi ile beraber form\u00fcll\u00fc bir \u015fekilde buran\u0131n restorasyon \u00e7al\u0131\u015fmas\u0131na ba\u015fland\u0131 ve tamamlanm\u0131\u015f oldu. Art\u0131k hem ibadete a\u00e7\u0131lm\u0131\u015f oldu hem de ziyarete a\u00e7\u0131lm\u0131\u015f &hellip;"}