{"version":"1.0","provider_name":"Av. Deniz Can K\u0131z\u0131l","provider_url":"http:\/\/denizcankizil.tr\/de","author_name":"Av. Deniz Can K\u0131z\u0131l","author_url":"http:\/\/denizcankizil.tr\/de\/author\/denizcankizil\/","title":"\u00d6\u011frenciler yetenekleriyle g\u00f6z doldurdu","type":"rich","width":600,"height":338,"html":"<blockquote class=\"wp-embedded-content\" data-secret=\"x31f75W38u\"><a href=\"http:\/\/denizcankizil.tr\/de\/haberler\/antalya\/ogrenciler-yetenekleriyle-goz-doldurdu\/\">\u00d6\u011frenciler yetenekleriyle g\u00f6z doldurdu<\/a><\/blockquote><iframe sandbox=\"allow-scripts\" security=\"restricted\" src=\"http:\/\/denizcankizil.tr\/de\/haberler\/antalya\/ogrenciler-yetenekleriyle-goz-doldurdu\/embed\/#?secret=x31f75W38u\" width=\"600\" height=\"338\" title=\"&#8222;\u00d6\u011frenciler yetenekleriyle g\u00f6z doldurdu&#8220; &#8211; Av. Deniz Can K\u0131z\u0131l\" data-secret=\"x31f75W38u\" frameborder=\"0\" marginwidth=\"0\" marginheight=\"0\" scrolling=\"no\" class=\"wp-embedded-content\"><\/iframe><script>\n\/*! This file is auto-generated *\/\n!function(d,l){\"use strict\";l.querySelector&&d.addEventListener&&\"undefined\"!=typeof URL&&(d.wp=d.wp||{},d.wp.receiveEmbedMessage||(d.wp.receiveEmbedMessage=function(e){var t=e.data;if((t||t.secret||t.message||t.value)&&!\/[^a-zA-Z0-9]\/.test(t.secret)){for(var s,r,n,a=l.querySelectorAll('iframe[data-secret=\"'+t.secret+'\"]'),o=l.querySelectorAll('blockquote[data-secret=\"'+t.secret+'\"]'),c=new RegExp(\"^https?:$\",\"i\"),i=0;i<o.length;i++)o[i].style.display=\"none\";for(i=0;i<a.length;i++)s=a[i],e.source===s.contentWindow&&(s.removeAttribute(\"style\"),\"height\"===t.message?(1e3<(r=parseInt(t.value,10))?r=1e3:~~r<200&&(r=200),s.height=r):\"link\"===t.message&&(r=new URL(s.getAttribute(\"src\")),n=new URL(t.value),c.test(n.protocol))&&n.host===r.host&&l.activeElement===s&&(d.top.location.href=t.value))}},d.addEventListener(\"message\",d.wp.receiveEmbedMessage,!1),l.addEventListener(\"DOMContentLoaded\",function(){for(var e,t,s=l.querySelectorAll(\"iframe.wp-embedded-content\"),r=0;r<s.length;r++)(t=(e=s[r]).getAttribute(\"data-secret\"))||(t=Math.random().toString(36).substring(2,12),e.src+=\"#?secret=\"+t,e.setAttribute(\"data-secret\",t)),e.contentWindow.postMessage({message:\"ready\",secret:t},\"*\")},!1)))}(window,document);\n\/\/# sourceURL=http:\/\/denizcankizil.tr\/wp-includes\/js\/wp-embed.min.js\n<\/script>","description":"Okulun m\u00fczik \u00f6\u011fretmeni Ramazan Duran, okuma-yazmay\u0131 yeni \u00f6\u011frenmi\u015f birinci s\u0131n\u0131f \u00f6\u011frencilerine k\u0131sa s\u00fcre i\u00e7erisinde armonika ve gitar \u00e7almay\u0131 \u00f6\u011fretti. Duran, okulun m\u00fczi\u011fe meyilli yetenekli \u00f6\u011frencileriyle bir m\u0131z\u0131ka ve gitar orkestras\u0131 olu\u015fturdu, okul bah\u00e7esinde ilk mini konser ger\u00e7ekle\u015ftirildi. Ne\u015feli \u015fark\u0131lar\u0131 m\u0131z\u0131ka ve gitar e\u015fli\u011finde seslendiren \u00f6\u011frencilerin sahnedeki performans\u0131n\u0131, y\u00f6netici, \u00f6\u011fretmen ve veliler hayranl\u0131kla izledi. Anne-babalar \u00e7ocuklar\u0131n\u0131n yetenekleri kar\u015f\u0131s\u0131nda duygulu anlar ya\u015fad\u0131, alk\u0131\u015f ya\u011fmuruna tuttu. Ge\u00e7mi\u015f y\u0131llarda T\u00fcrkiye&#8217;de ilk 8-9 ya\u015f aras\u0131 \u00f6\u011frencilerden olu\u015fan armonika orkestras\u0131n\u0131 kurmu\u015f olan m\u00fczik \u00f6\u011fretmeni Ramazan Duran, &#8220;Ya\u015flar\u0131 k\u00fc\u00e7\u00fck, yetenekleri b\u00fcy\u00fck olan \u00f6\u011frencilerimle gurur duyuyorum. 2,5 ayda hem m\u0131z\u0131ka, hem gitar \u00e7almay\u0131, hem nota okumay\u0131, eserleri de\u015fifre etmeyi b\u00fcy\u00fck bir hevesle, heyecanla, mutlulukla \u00f6\u011frendiler. Gelece\u011fin m\u00fczik \u00f6\u011fretmenleri diyebilirim&#8221; dedi. Kaynak: www.kanalv.com.tr Haber Sitesinden Al\u0131nm\u0131\u015ft\u0131r."}