{"version":"1.0","provider_name":"Av. Deniz Can K\u0131z\u0131l","provider_url":"http:\/\/denizcankizil.tr\/de","author_name":"Av. Deniz Can K\u0131z\u0131l","author_url":"http:\/\/denizcankizil.tr\/de","title":"\u00d6d\u00fcl\u00fcn sahibi Prof.Dr. Naci G\u00f6r\u00fcr","type":"rich","width":600,"height":338,"html":"<blockquote class=\"wp-embedded-content\" data-secret=\"tN5ToYciE4\"><a href=\"http:\/\/denizcankizil.tr\/de\/haberler\/antalya\/odulun-sahibi-prof-dr-naci-gorur\/\">\u00d6d\u00fcl\u00fcn sahibi Prof.Dr. Naci G\u00f6r\u00fcr<\/a><\/blockquote><iframe sandbox=\"allow-scripts\" security=\"restricted\" src=\"http:\/\/denizcankizil.tr\/de\/haberler\/antalya\/odulun-sahibi-prof-dr-naci-gorur\/embed\/#?secret=tN5ToYciE4\" width=\"600\" height=\"338\" title=\"&#8222;\u00d6d\u00fcl\u00fcn sahibi Prof.Dr. Naci G\u00f6r\u00fcr&#8220; &#8211; Av. Deniz Can K\u0131z\u0131l\" data-secret=\"tN5ToYciE4\" frameborder=\"0\" marginwidth=\"0\" marginheight=\"0\" scrolling=\"no\" class=\"wp-embedded-content\"><\/iframe><script>\n\/*! This file is auto-generated *\/\n!function(d,l){\"use strict\";l.querySelector&&d.addEventListener&&\"undefined\"!=typeof URL&&(d.wp=d.wp||{},d.wp.receiveEmbedMessage||(d.wp.receiveEmbedMessage=function(e){var t=e.data;if((t||t.secret||t.message||t.value)&&!\/[^a-zA-Z0-9]\/.test(t.secret)){for(var s,r,n,a=l.querySelectorAll('iframe[data-secret=\"'+t.secret+'\"]'),o=l.querySelectorAll('blockquote[data-secret=\"'+t.secret+'\"]'),c=new RegExp(\"^https?:$\",\"i\"),i=0;i<o.length;i++)o[i].style.display=\"none\";for(i=0;i<a.length;i++)s=a[i],e.source===s.contentWindow&&(s.removeAttribute(\"style\"),\"height\"===t.message?(1e3<(r=parseInt(t.value,10))?r=1e3:~~r<200&&(r=200),s.height=r):\"link\"===t.message&&(r=new URL(s.getAttribute(\"src\")),n=new URL(t.value),c.test(n.protocol))&&n.host===r.host&&l.activeElement===s&&(d.top.location.href=t.value))}},d.addEventListener(\"message\",d.wp.receiveEmbedMessage,!1),l.addEventListener(\"DOMContentLoaded\",function(){for(var e,t,s=l.querySelectorAll(\"iframe.wp-embedded-content\"),r=0;r<s.length;r++)(t=(e=s[r]).getAttribute(\"data-secret\"))||(t=Math.random().toString(36).substring(2,12),e.src+=\"#?secret=\"+t,e.setAttribute(\"data-secret\",t)),e.contentWindow.postMessage({message:\"ready\",secret:t},\"*\")},!1)))}(window,document);\n\/\/# sourceURL=http:\/\/denizcankizil.tr\/wp-includes\/js\/wp-embed.min.js\n<\/script>","thumbnail_url":"http:\/\/denizcankizil.tr\/wp-content\/uploads\/2024\/11\/3185-01-kaIrS4.jpeg","thumbnail_width":1280,"thumbnail_height":720,"description":"Antalya B\u00fcy\u00fck\u015fehir Belediyesi Gazi Mustafa Kemal Atat\u00fcrk\u2019e Ba\u015f\u00f6\u011fretmen \u00fcnvan\u0131n\u0131n verili\u015finin 95&#8217;inci y\u0131l\u0131 ve 24 Kas\u0131m \u00d6\u011fretmenler G\u00fcn\u00fc nedeniyle \u00e7e\u015fitli etkinlikler d\u00fczenleyecek. Bu kapsamda 23 Kas\u0131m Cumartesi g\u00fcn\u00fc saat 18.30\u2019da Atat\u00fcrk K\u00fclt\u00fcr Merkezi Perge Salonu\u2019nda E\u011fitim-\u0130\u015f Antalya \u015eubesi ile birlikte 16\u2019nc\u0131 Ba\u015f\u00f6\u011fretmen Atat\u00fcrk Onur \u00d6d\u00fcl\u00fc T\u00f6reni d\u00fczenleyecek. Millet Mektepleri\u2019nin a\u00e7\u0131l\u0131\u015f\u0131 ve Mustafa Kemal Atat\u00fcrk\u2019e Ba\u015f\u00f6\u011fretmen unvan\u0131 verili\u015finin 95\u2019inci y\u0131l\u0131nda Ba\u015f\u00f6\u011fretmen Onur \u00d6d\u00fcl\u00fc, Cumhuriyet de\u011ferlerine sahip \u00e7\u0131kan ve korunmas\u0131na y\u00f6nelik \u00e7al\u0131\u015fmalar\u0131ndan \u00f6t\u00fcr\u00fc Bilim Akademisi \u00dcyesi ve Yer Bilimci Prof. Dr. Naci G\u00f6r\u00fcr\u2019e takdim edilecek. \u00d6\u011fretmenlerden resim sergisi Atat\u00fcrk K\u00fclt\u00fcr Merkezi\u2019nde \u00f6d\u00fcl t\u00f6reninin ard\u0131ndan \u00d6\u011fretmenler G\u00fcn\u00fc Karma Resim Sergisi de ziyarete a\u00e7\u0131lacak. 27 Kas\u0131m\u2019a kadar a\u00e7\u0131k kalacak sergide, E\u011fitim-\u0130\u015f \u00f6\u011fretmenleri taraf\u0131ndan yap\u0131lan Atat\u00fcrk konulu eserler sergilenecek. Kaynak: www.kanalv.com.tr Haber Sitesinden Al\u0131nm\u0131\u015ft\u0131r."}