{"version":"1.0","provider_name":"Av. Deniz Can K\u0131z\u0131l","provider_url":"http:\/\/denizcankizil.tr\/de","author_name":"Av. Deniz Can K\u0131z\u0131l","author_url":"http:\/\/denizcankizil.tr\/de\/author\/denizcankizil\/","title":"Motorlu bisiklet ile cenaze arac\u0131 \u00e7arp\u0131\u015ft\u0131","type":"rich","width":600,"height":338,"html":"<blockquote class=\"wp-embedded-content\" data-secret=\"E435lUqlaj\"><a href=\"http:\/\/denizcankizil.tr\/de\/haberler\/antalya\/motorlu-bisiklet-ile-cenaze-araci-carpisti\/\">Motorlu bisiklet ile cenaze arac\u0131 \u00e7arp\u0131\u015ft\u0131<\/a><\/blockquote><iframe sandbox=\"allow-scripts\" security=\"restricted\" src=\"http:\/\/denizcankizil.tr\/de\/haberler\/antalya\/motorlu-bisiklet-ile-cenaze-araci-carpisti\/embed\/#?secret=E435lUqlaj\" width=\"600\" height=\"338\" title=\"&#8222;Motorlu bisiklet ile cenaze arac\u0131 \u00e7arp\u0131\u015ft\u0131&#8220; &#8211; Av. Deniz Can K\u0131z\u0131l\" data-secret=\"E435lUqlaj\" frameborder=\"0\" marginwidth=\"0\" marginheight=\"0\" scrolling=\"no\" class=\"wp-embedded-content\"><\/iframe><script>\n\/*! This file is auto-generated *\/\n!function(d,l){\"use strict\";l.querySelector&&d.addEventListener&&\"undefined\"!=typeof URL&&(d.wp=d.wp||{},d.wp.receiveEmbedMessage||(d.wp.receiveEmbedMessage=function(e){var t=e.data;if((t||t.secret||t.message||t.value)&&!\/[^a-zA-Z0-9]\/.test(t.secret)){for(var s,r,n,a=l.querySelectorAll('iframe[data-secret=\"'+t.secret+'\"]'),o=l.querySelectorAll('blockquote[data-secret=\"'+t.secret+'\"]'),c=new RegExp(\"^https?:$\",\"i\"),i=0;i<o.length;i++)o[i].style.display=\"none\";for(i=0;i<a.length;i++)s=a[i],e.source===s.contentWindow&&(s.removeAttribute(\"style\"),\"height\"===t.message?(1e3<(r=parseInt(t.value,10))?r=1e3:~~r<200&&(r=200),s.height=r):\"link\"===t.message&&(r=new URL(s.getAttribute(\"src\")),n=new URL(t.value),c.test(n.protocol))&&n.host===r.host&&l.activeElement===s&&(d.top.location.href=t.value))}},d.addEventListener(\"message\",d.wp.receiveEmbedMessage,!1),l.addEventListener(\"DOMContentLoaded\",function(){for(var e,t,s=l.querySelectorAll(\"iframe.wp-embedded-content\"),r=0;r<s.length;r++)(t=(e=s[r]).getAttribute(\"data-secret\"))||(t=Math.random().toString(36).substring(2,12),e.src+=\"#?secret=\"+t,e.setAttribute(\"data-secret\",t)),e.contentWindow.postMessage({message:\"ready\",secret:t},\"*\")},!1)))}(window,document);\n\/\/# sourceURL=http:\/\/denizcankizil.tr\/wp-includes\/js\/wp-embed.min.js\n<\/script>","description":"Kaza, d\u00fcn Emek Mahallesi Barbaros Caddesi&#8217;nde ger\u00e7ekle\u015fti. Sanayi istikametinden Salk\u0131mevler y\u00f6n\u00fcne seyir halinde olan Mertcan S. y\u00f6netimindeki 07 BSD 448 plakal\u0131 motorlu bisiklet ile 3075 Sokak&#8217;tan Barbaros Caddesi&#8217;ne \u00e7\u0131kan, Abdullah G&#8217;nin kulland\u0131\u011f\u0131 07 LAJ 03 plakal\u0131 cenaze arac\u0131 \u00e7arp\u0131\u015ft\u0131. G\u00fcvenlik kameras\u0131na saniye saniyesine yans\u0131yan kazada yaralanan motorlu bisiklet s\u00fcr\u00fcc\u00fcs\u00fc Mertcan S. ile yolcu Feyza \u00dc., 112 sa\u011fl\u0131k ekipleri taraf\u0131ndan olay yerinde yap\u0131lan ilk m\u00fcdahalenin ard\u0131ndan ambulansla hastaneye kald\u0131r\u0131ld\u0131. Kaynak: www.kanalv.com.tr Haber Sitesinden Al\u0131nm\u0131\u015ft\u0131r."}