{"version":"1.0","provider_name":"Av. Deniz Can K\u0131z\u0131l","provider_url":"http:\/\/denizcankizil.tr\/de","author_name":"Av. Deniz Can K\u0131z\u0131l","author_url":"http:\/\/denizcankizil.tr\/de","title":"Manavgat'ta ikinci kad\u0131nlar kahvesi","type":"rich","width":600,"height":338,"html":"<blockquote class=\"wp-embedded-content\" data-secret=\"y1KtZMe5X8\"><a href=\"http:\/\/denizcankizil.tr\/de\/haberler\/antalya\/manavgatta-ikinci-kadinlar-kahvesi\/\">Manavgat&#8217;ta ikinci kad\u0131nlar kahvesi<\/a><\/blockquote><iframe sandbox=\"allow-scripts\" security=\"restricted\" src=\"http:\/\/denizcankizil.tr\/de\/haberler\/antalya\/manavgatta-ikinci-kadinlar-kahvesi\/embed\/#?secret=y1KtZMe5X8\" width=\"600\" height=\"338\" title=\"&#8222;Manavgat&#8217;ta ikinci kad\u0131nlar kahvesi&#8220; &#8211; Av. Deniz Can K\u0131z\u0131l\" data-secret=\"y1KtZMe5X8\" frameborder=\"0\" marginwidth=\"0\" marginheight=\"0\" scrolling=\"no\" class=\"wp-embedded-content\"><\/iframe><script>\n\/*! This file is auto-generated *\/\n!function(d,l){\"use strict\";l.querySelector&&d.addEventListener&&\"undefined\"!=typeof URL&&(d.wp=d.wp||{},d.wp.receiveEmbedMessage||(d.wp.receiveEmbedMessage=function(e){var t=e.data;if((t||t.secret||t.message||t.value)&&!\/[^a-zA-Z0-9]\/.test(t.secret)){for(var s,r,n,a=l.querySelectorAll('iframe[data-secret=\"'+t.secret+'\"]'),o=l.querySelectorAll('blockquote[data-secret=\"'+t.secret+'\"]'),c=new RegExp(\"^https?:$\",\"i\"),i=0;i<o.length;i++)o[i].style.display=\"none\";for(i=0;i<a.length;i++)s=a[i],e.source===s.contentWindow&&(s.removeAttribute(\"style\"),\"height\"===t.message?(1e3<(r=parseInt(t.value,10))?r=1e3:~~r<200&&(r=200),s.height=r):\"link\"===t.message&&(r=new URL(s.getAttribute(\"src\")),n=new URL(t.value),c.test(n.protocol))&&n.host===r.host&&l.activeElement===s&&(d.top.location.href=t.value))}},d.addEventListener(\"message\",d.wp.receiveEmbedMessage,!1),l.addEventListener(\"DOMContentLoaded\",function(){for(var e,t,s=l.querySelectorAll(\"iframe.wp-embedded-content\"),r=0;r<s.length;r++)(t=(e=s[r]).getAttribute(\"data-secret\"))||(t=Math.random().toString(36).substring(2,12),e.src+=\"#?secret=\"+t,e.setAttribute(\"data-secret\",t)),e.contentWindow.postMessage({message:\"ready\",secret:t},\"*\")},!1)))}(window,document);\n\/\/# sourceURL=http:\/\/denizcankizil.tr\/wp-includes\/js\/wp-embed.min.js\n<\/script>","thumbnail_url":"http:\/\/denizcankizil.tr\/wp-content\/uploads\/2024\/12\/3689-01-hYarE0.jpeg","thumbnail_width":1280,"thumbnail_height":720,"description":"Antalya&#8217;n\u0131n Manavgat il\u00e7e Belediyesi&#8217;nce Bah\u00e7elievler Mahallesi \u015eehit Harun Re\u015fit Yarar Park\u0131 i\u00e7inde yap\u0131m\u0131 tamamlanan ikinci Kad\u0131nlar Kahvesi ve Bah\u00e7elievler Mahalle Muhtarl\u0131\u011f\u0131 t\u00f6renle a\u00e7\u0131ld\u0131. T\u00f6rende konu\u015fan Manavgat Belediye Ba\u015fkan\u0131 Niyazi Nefi Kara, kad\u0131nlara verdikleri \u00f6nemi vurgulayarak, \u201cManavgat, Manavgat olacaksa kad\u0131nlar\u0131m\u0131z\u0131n omuzlar\u0131 \u00fczerinde olacakt\u0131r. Bu y\u00fczden \u0131srarla kad\u0131nlar diyoruz. Bizim kad\u0131nlar\u0131m\u0131z, daha ayd\u0131n, daha e\u011fitimli, daha g\u00fczel g\u00fcnleri sa\u011flayacakt\u0131r\u201d diye konu\u015ftu. \u201cMuhtar evi olmayan mahallemiz kalmayacak\u201d Ba\u015fkan Kara, ayn\u0131 zamanda mahallelerin y\u00f6netiminde \u00f6nemli rol oynayan muhtarlar\u0131 desteklemeye devam edeceklerini de belirterek, \u201c&#8217;Ba\u015fkan\u0131m, o ilk a\u00e7t\u0131\u011f\u0131n muhtar evi camdan oldu&#8217; dediler. \u015eeffaf olaca\u011f\u0131z demi\u015ftik se\u00e7im s\u00fcrecinde, o y\u00fczden muhtarlar\u0131m\u0131z\u0131n muhtar evleri \u015feffaf, i\u00e7i d\u0131\u015f\u0131 bir. Onlar, size en yak\u0131n olan \u00e7al\u0131\u015fma arkada\u015flar\u0131m\u0131z. Muhtar evi olmayan mahallemiz kalmayacak\u201d ifadelerini kulland\u0131. Kad\u0131nlar \u00fcretecek Ba\u015fkan Niyazi Nefi Kara, kad\u0131nlar kahvesi projesinin ilerleyen s\u00fcre\u00e7te ayn\u0131 zamanda bir e\u011fitim merkezi olaca\u011f\u0131n\u0131 s\u00f6yleyerek \u015f\u00f6yle devam etti: \u201cBuralarda yak\u0131nda kitaplar\u0131m\u0131z, at\u00f6lyelerimiz olu\u015facak. Kad\u0131nlar\u0131m\u0131z ayn\u0131 zamanda \u00fcretecekler. Et\u00fct merkezindeki hocalar\u0131m\u0131z da diki\u015f makinelerini istediler. Art\u0131k Manavgat&#8217;ta d\u00fc\u011fme dikmesini bilmeyen \u00e7ocu\u011fumuz kalmayacak.\u201d \u201cYeni e\u011fitim alanlar\u0131 ve projeler yolda\u201d \u0130l\u00e7ede yeni e\u011fitim projelerinin de yak\u0131n zamanda hayata ge\u00e7ece\u011fini belirten Ba\u015fkan Kara, \u201cYar\u0131n da in\u015fallah eski beldemiz, yeni mahallemiz Il\u0131ca&#8217;ya bir kre\u015f temeli ataca\u011f\u0131z. \u00c7ocuklar\u0131m\u0131z\u0131 sa\u011fl\u0131kl\u0131, temiz bir ortamda, e\u011fitimli hocalar\u0131m\u0131zla yeti\u015ftirmeye devam edece\u011fiz. &hellip;"}