{"version":"1.0","provider_name":"Av. Deniz Can K\u0131z\u0131l","provider_url":"http:\/\/denizcankizil.tr\/de","author_name":"Av. Deniz Can K\u0131z\u0131l","author_url":"http:\/\/denizcankizil.tr\/de\/author\/denizcankizil\/","title":"Korkuteli'de bayramla\u015fma","type":"rich","width":600,"height":338,"html":"<blockquote class=\"wp-embedded-content\" data-secret=\"83GPfD19ua\"><a href=\"http:\/\/denizcankizil.tr\/de\/haberler\/antalya\/korkutelide-bayramlasma\/\">Korkuteli&#8217;de bayramla\u015fma<\/a><\/blockquote><iframe sandbox=\"allow-scripts\" security=\"restricted\" src=\"http:\/\/denizcankizil.tr\/de\/haberler\/antalya\/korkutelide-bayramlasma\/embed\/#?secret=83GPfD19ua\" width=\"600\" height=\"338\" title=\"&#8222;Korkuteli&#8217;de bayramla\u015fma&#8220; &#8211; Av. Deniz Can K\u0131z\u0131l\" data-secret=\"83GPfD19ua\" frameborder=\"0\" marginwidth=\"0\" marginheight=\"0\" scrolling=\"no\" class=\"wp-embedded-content\"><\/iframe><script>\n\/*! This file is auto-generated *\/\n!function(d,l){\"use strict\";l.querySelector&&d.addEventListener&&\"undefined\"!=typeof URL&&(d.wp=d.wp||{},d.wp.receiveEmbedMessage||(d.wp.receiveEmbedMessage=function(e){var t=e.data;if((t||t.secret||t.message||t.value)&&!\/[^a-zA-Z0-9]\/.test(t.secret)){for(var s,r,n,a=l.querySelectorAll('iframe[data-secret=\"'+t.secret+'\"]'),o=l.querySelectorAll('blockquote[data-secret=\"'+t.secret+'\"]'),c=new RegExp(\"^https?:$\",\"i\"),i=0;i<o.length;i++)o[i].style.display=\"none\";for(i=0;i<a.length;i++)s=a[i],e.source===s.contentWindow&&(s.removeAttribute(\"style\"),\"height\"===t.message?(1e3<(r=parseInt(t.value,10))?r=1e3:~~r<200&&(r=200),s.height=r):\"link\"===t.message&&(r=new URL(s.getAttribute(\"src\")),n=new URL(t.value),c.test(n.protocol))&&n.host===r.host&&l.activeElement===s&&(d.top.location.href=t.value))}},d.addEventListener(\"message\",d.wp.receiveEmbedMessage,!1),l.addEventListener(\"DOMContentLoaded\",function(){for(var e,t,s=l.querySelectorAll(\"iframe.wp-embedded-content\"),r=0;r<s.length;r++)(t=(e=s[r]).getAttribute(\"data-secret\"))||(t=Math.random().toString(36).substring(2,12),e.src+=\"#?secret=\"+t,e.setAttribute(\"data-secret\",t)),e.contentWindow.postMessage({message:\"ready\",secret:t},\"*\")},!1)))}(window,document);\n\/\/# sourceURL=http:\/\/denizcankizil.tr\/wp-includes\/js\/wp-embed.min.js\n<\/script>","description":"Kurban Bayram\u0131 dolay\u0131s\u0131yla, Korkuteli Belediye D\u00fc\u011f\u00fcn Salonu&#8217;nda d\u00fczenlenen bayramla\u015fmaya, Korkuteli Kaymakam\u0131 Sezgin \u00dc\u00e7\u00fcnc\u00fc, Belediye Ba\u015fkan\u0131 Saniye Caran, \u0130l\u00e7e Jandarma Komutan\u0131 Te\u011fmen Vedat K\u0131l\u0131n\u00e7, Emniyet M\u00fcd\u00fcr\u00fc \u0130rfan A\u011flamaz, daire m\u00fcd\u00fcrleri, Belediye Meclis \u00fcyeleri, Siyasi parti ba\u015fkanlar\u0131 ve sivil toplum kurulu\u015flar\u0131n\u0131n temsilcileri ve mahalle muhtarlar\u0131 kat\u0131ld\u0131. Bayramla\u015fma t\u00f6reninde, ilk olarak siyasi Parti \u0130l\u00e7e Ba\u015fkanlar\u0131 s\u0131rayla birer konu\u015fma yapt\u0131lar. Siyasi parti il\u00e7e ba\u015fkanlar\u0131 t\u00fcm halk\u0131n ve islam aleminin bayram\u0131n\u0131 kutlad\u0131. Ard\u0131ndan, Belediye Ba\u015fkan\u0131 Saniye Caran, &#8220;Sevgileri birle\u015ftiren, karde\u015flik duygular\u0131n\u0131 peki\u015ftiren, h\u00fcz\u00fcnleri azaltan, sevin\u00e7leri \u00e7o\u011faltan bayram\u0131n\u0131z kutluyorum&#8221; diye s\u00f6yledi. Kaymakam Sezgin \u00dc\u00e7\u00fcnc\u00fc, &#8220;Bir Bayram\u0131 daha hep birlikte huzur ve g\u00fcven i\u00e7inde kutluyoruz. Toplum olarak b\u00fcy\u00fck \u00f6nem verdi\u011fimiz, birlik ve beraberli\u011fin peki\u015fti\u011fi, karde\u015flik, dostluk, sevgi ve sayg\u0131 duygular\u0131n\u0131 payla\u015ft\u0131\u011f\u0131m\u0131z dini ve milli bayramlar, millet olma \u015fuuruna ermenin temeli ve sosyal hayat\u0131m\u0131z\u0131n simgesi olan \u00f6nemli g\u00fcnlerdir. Herkesin kurban bayram\u0131 kutluyorum. Bayramlar k\u00fcsl\u00fcklerin, darg\u0131nl\u0131klar\u0131n bitti\u011fi zamanlard\u0131r. Bayramlar\u0131m\u0131z\u0131 g\u00fczel ve mutlu ge\u00e7irelim. Birlik ve beraberli\u011fimize \u00f6zen g\u00f6sterelim. Hepinize hay\u0131rl\u0131 ve mutlu bayramlar diliyorum&#8221; dedi. Belediye D\u00fc\u011f\u00fcn Salonu&#8217;ndaki bayramla\u015fma program\u0131n\u0131n ard\u0131ndan Kaymakam Sezgin \u00dc\u00e7\u00fcnc\u00fc ve beraberindekilerle birlikte \u0130l\u00e7e Emniyet M\u00fcd\u00fcrl\u00fc\u011f\u00fcn\u00fc ziyaret ederek Polis te\u015fkilat\u0131n\u0131n bayram\u0131n\u0131 kutlad\u0131. Protokol \u00fcyeleri, Emniyet M\u00fcd\u00fcrl\u00fc\u011f\u00fcndeki bayramla\u015fmadan sonra Jandarma Komutanl\u0131\u011f\u0131&#8217;ndaki askerler ile bayramla\u015ft\u0131. Ard\u0131ndan, Protokol \u00fcyeleri Korkuteli Devlet Hastanesini de ziyaret ederek, hastanedeki hastalara ge\u00e7mi\u015f &hellip;"}