{"version":"1.0","provider_name":"Av. Deniz Can K\u0131z\u0131l","provider_url":"http:\/\/denizcankizil.tr\/de","author_name":"Av. Deniz Can K\u0131z\u0131l","author_url":"http:\/\/denizcankizil.tr\/de\/author\/denizcankizil\/","title":"Kepez'den 'Glutensiz Market'","type":"rich","width":600,"height":338,"html":"<blockquote class=\"wp-embedded-content\" data-secret=\"r6xnqPVABz\"><a href=\"http:\/\/denizcankizil.tr\/de\/haberler\/antalya\/kepezden-glutensiz-market\/\">Kepez&#8217;den &#8216;Glutensiz Market&#8217;<\/a><\/blockquote><iframe sandbox=\"allow-scripts\" security=\"restricted\" src=\"http:\/\/denizcankizil.tr\/de\/haberler\/antalya\/kepezden-glutensiz-market\/embed\/#?secret=r6xnqPVABz\" width=\"600\" height=\"338\" title=\"&#8222;Kepez&#8217;den &#8216;Glutensiz Market&#8217;&#8220; &#8211; Av. Deniz Can K\u0131z\u0131l\" data-secret=\"r6xnqPVABz\" frameborder=\"0\" marginwidth=\"0\" marginheight=\"0\" scrolling=\"no\" class=\"wp-embedded-content\"><\/iframe><script>\n\/*! This file is auto-generated *\/\n!function(d,l){\"use strict\";l.querySelector&&d.addEventListener&&\"undefined\"!=typeof URL&&(d.wp=d.wp||{},d.wp.receiveEmbedMessage||(d.wp.receiveEmbedMessage=function(e){var t=e.data;if((t||t.secret||t.message||t.value)&&!\/[^a-zA-Z0-9]\/.test(t.secret)){for(var s,r,n,a=l.querySelectorAll('iframe[data-secret=\"'+t.secret+'\"]'),o=l.querySelectorAll('blockquote[data-secret=\"'+t.secret+'\"]'),c=new RegExp(\"^https?:$\",\"i\"),i=0;i<o.length;i++)o[i].style.display=\"none\";for(i=0;i<a.length;i++)s=a[i],e.source===s.contentWindow&&(s.removeAttribute(\"style\"),\"height\"===t.message?(1e3<(r=parseInt(t.value,10))?r=1e3:~~r<200&&(r=200),s.height=r):\"link\"===t.message&&(r=new URL(s.getAttribute(\"src\")),n=new URL(t.value),c.test(n.protocol))&&n.host===r.host&&l.activeElement===s&&(d.top.location.href=t.value))}},d.addEventListener(\"message\",d.wp.receiveEmbedMessage,!1),l.addEventListener(\"DOMContentLoaded\",function(){for(var e,t,s=l.querySelectorAll(\"iframe.wp-embedded-content\"),r=0;r<s.length;r++)(t=(e=s[r]).getAttribute(\"data-secret\"))||(t=Math.random().toString(36).substring(2,12),e.src+=\"#?secret=\"+t,e.setAttribute(\"data-secret\",t)),e.contentWindow.postMessage({message:\"ready\",secret:t},\"*\")},!1)))}(window,document);\n\/\/# sourceURL=http:\/\/denizcankizil.tr\/wp-includes\/js\/wp-embed.min.js\n<\/script>","thumbnail_url":"http:\/\/denizcankizil.tr\/wp-content\/uploads\/2025\/05\/6186-01-1ZA5iQ.jpg","thumbnail_width":1280,"thumbnail_height":720,"description":"Antalya&#8217;n\u0131n Kepez Belediyesi i\u015ftiraki olan Kepez Kalk\u0131nma ve Dayan\u0131\u015fma Vakf\u0131 F\u0131r\u0131n \u0130ktisadi \u0130\u015fletmesi, \u00e7\u00f6lyak hastalar\u0131 ile sa\u011fl\u0131kl\u0131 beslenmek isteyenlere y\u00f6nelik olarak g\u00fcnde 3 binden fazla gl\u00fctensiz \u00fcr\u00fcn\u00fc t\u00fcketime sunuyor. Halk sa\u011fl\u0131\u011f\u0131na b\u00fcy\u00fck \u00f6nem verdiklerini belirten Kepez Belediye Ba\u015fkan\u0131 Mesut Kocag\u00f6z, &#8220;Glutensiz ekmek \u00fcretim tesisimiz, alan\u0131nda \u00f6rnek bir tesis olarak faaliyet g\u00f6steriyor. Tar\u0131m ve Orman Bakanl\u0131\u011f\u0131&#8217;ndan al\u0131nan t\u00fcm izinlerle en ileri teknolojiye sahip elektronik makinelerle g\u0131da g\u00fcvenli\u011fi standartlar\u0131na tam uyumlu \u015fekilde \u00fcretim yap\u0131yoruz. Tesisimizde hijyen kurallar\u0131na titizlikle uyulurken, g\u0131da m\u00fchendislerinin denetiminde \u00fcretim ger\u00e7ekle\u015ftiriliyor&#8221; dedi. Toplumun her kesimine dokunan sosyal belediyecilik Kepez Vakf\u0131 ekmek \u00fcretim tesislerinin sadece \u00e7\u00f6lyak hastalar\u0131n\u0131n de\u011fil, sa\u011fl\u0131kl\u0131 beslenmek isteyen vatanda\u015flar\u0131n da ihtiya\u00e7lar\u0131n\u0131 kar\u015f\u0131lad\u0131\u011f\u0131 ve toplumun her kesimlerine dokunan bir sosyal belediyecilik hizmeti oldu\u011funu s\u00f6yleyen Ba\u015fkan Kocag\u00f6z, &#8220;Hep birlikte daha sa\u011fl\u0131kl\u0131 ve mutlu bir Kepez i\u00e7in \u00e7al\u0131\u015fmaya devam edece\u011fiz. Kepez Kalk\u0131nma ve Dayan\u0131\u015fma Vakf\u0131 b\u00fcnyesindeki ekmek fabrikas\u0131 ile hem \u00fcretiyor hem de yap\u0131lan karla ihtiya\u00e7 sahiplerine yard\u0131m elini uzat\u0131yoruz. Kar i\u00e7in de\u011fil, sosyal yard\u0131mla\u015fmay\u0131 \u00f6ne \u00e7\u0131karan bir anlay\u0131\u015fla \u00f6\u011frencilere burs veriyoruz&#8221; diye konu\u015ftu. \u00d6rnek bir sosyal belediyecilik yat\u0131r\u0131m\u0131 olan Kepez Vakf\u0131 Ekmek Fabrikas\u0131, \u00fcretim \u00e7e\u015fitlili\u011fi ile dikkati \u00e7ekiyor. \u00d6nce insan sa\u011fl\u0131\u011f\u0131 ilkesiyle \u00fcretim yaparak il\u00e7e sakinlerinin uygun fiyatl\u0131, lezzetli ve sa\u011fl\u0131kl\u0131 ekmek ihtiyac\u0131n\u0131 kar\u015f\u0131l\u0131yor. Her damak zevkine uygun ekmek &hellip;"}