{"version":"1.0","provider_name":"Av. Deniz Can K\u0131z\u0131l","provider_url":"http:\/\/denizcankizil.tr\/de","author_name":"Av. Deniz Can K\u0131z\u0131l","author_url":"http:\/\/denizcankizil.tr\/de\/author\/denizcankizil\/","title":"Kemer'de bisiklet yar\u0131\u015f\u0131 heyecan\u0131 ba\u015flad\u0131","type":"rich","width":600,"height":338,"html":"<blockquote class=\"wp-embedded-content\" data-secret=\"RAyiCtgIti\"><a href=\"http:\/\/denizcankizil.tr\/de\/haberler\/antalya\/kemerde-bisiklet-yarisi-heyecani-basladi\/\">Kemer&#8217;de bisiklet yar\u0131\u015f\u0131 heyecan\u0131 ba\u015flad\u0131<\/a><\/blockquote><iframe sandbox=\"allow-scripts\" security=\"restricted\" src=\"http:\/\/denizcankizil.tr\/de\/haberler\/antalya\/kemerde-bisiklet-yarisi-heyecani-basladi\/embed\/#?secret=RAyiCtgIti\" width=\"600\" height=\"338\" title=\"&#8222;Kemer&#8217;de bisiklet yar\u0131\u015f\u0131 heyecan\u0131 ba\u015flad\u0131&#8220; &#8211; Av. Deniz Can K\u0131z\u0131l\" data-secret=\"RAyiCtgIti\" frameborder=\"0\" marginwidth=\"0\" marginheight=\"0\" scrolling=\"no\" class=\"wp-embedded-content\"><\/iframe><script>\n\/*! This file is auto-generated *\/\n!function(d,l){\"use strict\";l.querySelector&&d.addEventListener&&\"undefined\"!=typeof URL&&(d.wp=d.wp||{},d.wp.receiveEmbedMessage||(d.wp.receiveEmbedMessage=function(e){var t=e.data;if((t||t.secret||t.message||t.value)&&!\/[^a-zA-Z0-9]\/.test(t.secret)){for(var s,r,n,a=l.querySelectorAll('iframe[data-secret=\"'+t.secret+'\"]'),o=l.querySelectorAll('blockquote[data-secret=\"'+t.secret+'\"]'),c=new RegExp(\"^https?:$\",\"i\"),i=0;i<o.length;i++)o[i].style.display=\"none\";for(i=0;i<a.length;i++)s=a[i],e.source===s.contentWindow&&(s.removeAttribute(\"style\"),\"height\"===t.message?(1e3<(r=parseInt(t.value,10))?r=1e3:~~r<200&&(r=200),s.height=r):\"link\"===t.message&&(r=new URL(s.getAttribute(\"src\")),n=new URL(t.value),c.test(n.protocol))&&n.host===r.host&&l.activeElement===s&&(d.top.location.href=t.value))}},d.addEventListener(\"message\",d.wp.receiveEmbedMessage,!1),l.addEventListener(\"DOMContentLoaded\",function(){for(var e,t,s=l.querySelectorAll(\"iframe.wp-embedded-content\"),r=0;r<s.length;r++)(t=(e=s[r]).getAttribute(\"data-secret\"))||(t=Math.random().toString(36).substring(2,12),e.src+=\"#?secret=\"+t,e.setAttribute(\"data-secret\",t)),e.contentWindow.postMessage({message:\"ready\",secret:t},\"*\")},!1)))}(window,document);\n\/\/# sourceURL=http:\/\/denizcankizil.tr\/wp-includes\/js\/wp-embed.min.js\n<\/script>","thumbnail_url":"http:\/\/denizcankizil.tr\/wp-content\/uploads\/2025\/04\/a-w429580-01-Dt7MA1.webp","thumbnail_width":1280,"thumbnail_height":720,"description":"Kemer\u00a0Belediyesi\u2019nin ana sponsorlu\u011funda Kemer Kaymakaml\u0131\u011f\u0131 koordinesinde Trans Taurus Da\u011f\u00a0Bisikleti Etap Yar\u0131\u015f\u0131 \u00f6ncesi Mustafa Ertu\u011frul Aker Park\u0131\u2019nda bas\u0131n toplant\u0131s\u0131 d\u00fczenlendi. Bas\u0131n toplant\u0131s\u0131nda konu\u015fan Kemer Kaymakam\u0131 Ahmet Solmaz, ama\u00e7lar\u0131n\u0131n turizmi \u00e7e\u015fitlendirmek oldu\u011funu s\u00f6yledi.\u00a0 Trans Taurus Da\u011f Bisikleti Etap Yar\u0131\u015flar\u0131\u2019n\u0131n ard\u0131ndan da bisiklet organizasyonlar\u0131na ev sahipli\u011fi yapacaklar\u0131na de\u011finen Kaymakam Solmaz, &#8220;Trans Taurus Da\u011f Bisikleti Yar\u0131\u015flar\u0131n\u0131n ard\u0131ndan Sky To Sea, Akra Gran Fondo ve Cumhurba\u015fkanl\u0131\u011f\u0131 Bisiklet Turu var. Ge\u00e7en y\u0131l Kaymakaml\u0131\u011f\u0131m\u0131z\u0131n \u00f6nc\u00fcl\u00fc\u011f\u00fcnde Kemer Belediyesi ile Turizm Komitesi olu\u015fturduk. Bu komite ile Kemer\u2019deki faaliyetlerin bir cetvelini olu\u015fturduk. Bu cetvelin ana temalar\u0131ndan biri bisikletti ve Nisan ay\u0131n\u0131 bisiklet ay\u0131 ilan ettik. Turizm sezonunu uzatmak amac\u0131yla g\u00fczel i\u015flere imza atmay\u0131 \u00fcmit ediyoruz. Sporcular d\u00f6rt g\u00fcn boyunca Kemer\u2019de 200 kilometrelik bir parkurda pedal \u00e7evirecek. Organizasyonun d\u00fczenlenmesinde eme\u011fi ge\u00e7en Kemer Belediye Ba\u015fkan\u0131m\u0131z Necati Topalo\u011flu\u2019na, yar\u0131\u015f organizat\u00f6r\u00fc \u00d6mer Nizam\u2019a ve di\u011fer payda\u015flara te\u015fekk\u00fcr ediyorum. Sporculara da ba\u015far\u0131lar diliyorum&#8221; dedi.\u00a0 Kaymakam Solmaz, ayr\u0131ca May\u0131s ay\u0131n\u0131 da dal\u0131\u015f ay\u0131 olarak ilan ettiklerini, Kemer\u2019deki \u00f6nemli dal\u0131\u015f noktalar\u0131 oldu\u011funu ve gerekli planlamalar\u0131n yap\u0131ld\u0131\u011f\u0131n\u0131n m\u00fcjdesini verdi.\u00a0 \u00a0 &#8220;Organizasyon tan\u0131t\u0131m anlam\u0131nda \u00e7ok \u00f6nemli&#8221;\u00a0 Kemer Belediye Ba\u015fkan\u0131 Necati Topalo\u011flu ise yapt\u0131\u011f\u0131 a\u00e7\u0131klamada, Trans Taurus Da\u011f Bisikleti Etap Yar\u0131\u015flar\u0131\u2019n\u0131n g\u00fcne\u015fli ve g\u00fczel bir Kemer g\u00fcn\u00fcnde start ald\u0131\u011f\u0131n\u0131 s\u00f6yledi.\u00a0 Nisan ay\u0131nda d\u00f6rt tane spor organizasyonu oldu\u011funa dikkat \u00e7eken Ba\u015fkan &hellip;"}