{"version":"1.0","provider_name":"Av. Deniz Can K\u0131z\u0131l","provider_url":"http:\/\/denizcankizil.tr\/de","author_name":"Av. Deniz Can K\u0131z\u0131l","author_url":"http:\/\/denizcankizil.tr\/de\/author\/denizcankizil\/","title":"Kamyonet ile otomobil \u00e7arp\u0131\u015ft\u0131","type":"rich","width":600,"height":338,"html":"<blockquote class=\"wp-embedded-content\" data-secret=\"1puP6tm2it\"><a href=\"http:\/\/denizcankizil.tr\/de\/haberler\/antalya\/kamyonet-ile-otomobil-carpisti-2\/\">Kamyonet ile otomobil \u00e7arp\u0131\u015ft\u0131<\/a><\/blockquote><iframe sandbox=\"allow-scripts\" security=\"restricted\" src=\"http:\/\/denizcankizil.tr\/de\/haberler\/antalya\/kamyonet-ile-otomobil-carpisti-2\/embed\/#?secret=1puP6tm2it\" width=\"600\" height=\"338\" title=\"&#8222;Kamyonet ile otomobil \u00e7arp\u0131\u015ft\u0131&#8220; &#8211; Av. Deniz Can K\u0131z\u0131l\" data-secret=\"1puP6tm2it\" frameborder=\"0\" marginwidth=\"0\" marginheight=\"0\" scrolling=\"no\" class=\"wp-embedded-content\"><\/iframe><script>\n\/*! This file is auto-generated *\/\n!function(d,l){\"use strict\";l.querySelector&&d.addEventListener&&\"undefined\"!=typeof URL&&(d.wp=d.wp||{},d.wp.receiveEmbedMessage||(d.wp.receiveEmbedMessage=function(e){var t=e.data;if((t||t.secret||t.message||t.value)&&!\/[^a-zA-Z0-9]\/.test(t.secret)){for(var s,r,n,a=l.querySelectorAll('iframe[data-secret=\"'+t.secret+'\"]'),o=l.querySelectorAll('blockquote[data-secret=\"'+t.secret+'\"]'),c=new RegExp(\"^https?:$\",\"i\"),i=0;i<o.length;i++)o[i].style.display=\"none\";for(i=0;i<a.length;i++)s=a[i],e.source===s.contentWindow&&(s.removeAttribute(\"style\"),\"height\"===t.message?(1e3<(r=parseInt(t.value,10))?r=1e3:~~r<200&&(r=200),s.height=r):\"link\"===t.message&&(r=new URL(s.getAttribute(\"src\")),n=new URL(t.value),c.test(n.protocol))&&n.host===r.host&&l.activeElement===s&&(d.top.location.href=t.value))}},d.addEventListener(\"message\",d.wp.receiveEmbedMessage,!1),l.addEventListener(\"DOMContentLoaded\",function(){for(var e,t,s=l.querySelectorAll(\"iframe.wp-embedded-content\"),r=0;r<s.length;r++)(t=(e=s[r]).getAttribute(\"data-secret\"))||(t=Math.random().toString(36).substring(2,12),e.src+=\"#?secret=\"+t,e.setAttribute(\"data-secret\",t)),e.contentWindow.postMessage({message:\"ready\",secret:t},\"*\")},!1)))}(window,document);\n\/\/# sourceURL=http:\/\/denizcankizil.tr\/wp-includes\/js\/wp-embed.min.js\n<\/script>","thumbnail_url":"http:\/\/denizcankizil.tr\/wp-content\/uploads\/2024\/12\/3626-01-hePmAW.jpeg","thumbnail_width":1280,"thumbnail_height":720,"description":"Edinilen bilgilere g\u00f6re, Ali Can Y\u00fcksel idaresindeki 07 BFG 482 plakal\u0131 kamyonet, Salk\u0131mevler Mahallesi Ulukap\u0131 Caddesi \u00fczerinde seyir halindeyken, 10007 Sokak&#8217;tan caddeye \u00e7\u0131kan Tuba Kurt&#8217;un kulland\u0131\u011f\u0131 07 BLD 045 plakal\u0131 otomobille \u00e7arp\u0131\u015ft\u0131. \u00c7arp\u0131\u015fman\u0131n etkisiyle otomobil s\u00fcr\u00fcc\u00fcs\u00fc Tuba Kurt yaraland\u0131. \u0130hbar \u00fczerine olay yerine sevk edilen 112 sa\u011fl\u0131k ekipleri, yaral\u0131 s\u00fcr\u00fcc\u00fcye ilk m\u00fcdahaleyi kaza yerinde yapt\u0131. Ard\u0131ndan ambulansla hastaneye kald\u0131r\u0131lan Kurt&#8217;un hayati tehlikesinin bulunmad\u0131\u011f\u0131 \u00f6\u011frenildi. Kaynak: www.kanalv.com.tr Haber Sitesinden Al\u0131nm\u0131\u015ft\u0131r."}