{"version":"1.0","provider_name":"Av. Deniz Can K\u0131z\u0131l","provider_url":"http:\/\/denizcankizil.tr\/de","author_name":"Av. Deniz Can K\u0131z\u0131l","author_url":"http:\/\/denizcankizil.tr\/de\/author\/denizcankizil\/","title":"\u0130skeleden d\u00fc\u015fen in\u015faat ustas\u0131 a\u011f\u0131r yaraland\u0131","type":"rich","width":600,"height":338,"html":"<blockquote class=\"wp-embedded-content\" data-secret=\"76bRxqddP5\"><a href=\"http:\/\/denizcankizil.tr\/de\/haberler\/antalya\/iskeleden-dusen-insaat-ustasi-agir-yaralandi\/\">\u0130skeleden d\u00fc\u015fen in\u015faat ustas\u0131 a\u011f\u0131r yaraland\u0131<\/a><\/blockquote><iframe sandbox=\"allow-scripts\" security=\"restricted\" src=\"http:\/\/denizcankizil.tr\/de\/haberler\/antalya\/iskeleden-dusen-insaat-ustasi-agir-yaralandi\/embed\/#?secret=76bRxqddP5\" width=\"600\" height=\"338\" title=\"&#8222;\u0130skeleden d\u00fc\u015fen in\u015faat ustas\u0131 a\u011f\u0131r yaraland\u0131&#8220; &#8211; Av. Deniz Can K\u0131z\u0131l\" data-secret=\"76bRxqddP5\" frameborder=\"0\" marginwidth=\"0\" marginheight=\"0\" scrolling=\"no\" class=\"wp-embedded-content\"><\/iframe><script>\n\/*! This file is auto-generated *\/\n!function(d,l){\"use strict\";l.querySelector&&d.addEventListener&&\"undefined\"!=typeof URL&&(d.wp=d.wp||{},d.wp.receiveEmbedMessage||(d.wp.receiveEmbedMessage=function(e){var t=e.data;if((t||t.secret||t.message||t.value)&&!\/[^a-zA-Z0-9]\/.test(t.secret)){for(var s,r,n,a=l.querySelectorAll('iframe[data-secret=\"'+t.secret+'\"]'),o=l.querySelectorAll('blockquote[data-secret=\"'+t.secret+'\"]'),c=new RegExp(\"^https?:$\",\"i\"),i=0;i<o.length;i++)o[i].style.display=\"none\";for(i=0;i<a.length;i++)s=a[i],e.source===s.contentWindow&&(s.removeAttribute(\"style\"),\"height\"===t.message?(1e3<(r=parseInt(t.value,10))?r=1e3:~~r<200&&(r=200),s.height=r):\"link\"===t.message&&(r=new URL(s.getAttribute(\"src\")),n=new URL(t.value),c.test(n.protocol))&&n.host===r.host&&l.activeElement===s&&(d.top.location.href=t.value))}},d.addEventListener(\"message\",d.wp.receiveEmbedMessage,!1),l.addEventListener(\"DOMContentLoaded\",function(){for(var e,t,s=l.querySelectorAll(\"iframe.wp-embedded-content\"),r=0;r<s.length;r++)(t=(e=s[r]).getAttribute(\"data-secret\"))||(t=Math.random().toString(36).substring(2,12),e.src+=\"#?secret=\"+t,e.setAttribute(\"data-secret\",t)),e.contentWindow.postMessage({message:\"ready\",secret:t},\"*\")},!1)))}(window,document);\n\/\/# sourceURL=http:\/\/denizcankizil.tr\/wp-includes\/js\/wp-embed.min.js\n<\/script>","thumbnail_url":"https:\/\/denizcankizil.tr\/wp-content\/uploads\/2025\/02\/5061-01-26c3I2.jpeg","thumbnail_width":1280,"thumbnail_height":720,"description":"Olay, d\u00fcn \u00f6\u011fle saatlerinde Alanya&#8217;n\u0131n Payallar Mahallesine ba\u011fl\u0131 in\u015faat\u0131 devam eden bir otelde ger\u00e7ekle\u015fti. Edinilen bilgilere g\u00f6re Metin S. isimli in\u015faat ustas\u0131, otelin in\u015faat\u0131nda \u00e7al\u0131\u015ft\u0131\u011f\u0131 s\u0131rada \u00fcst\u00fcne bast\u0131\u011f\u0131 demire \u00e7eki\u00e7 ile vurduktan sonra dengesini kaybederek 5 metre y\u00fckseklikten ba\u015f \u00fcst\u00fc yere d\u00fc\u015ft\u00fc. \u00c7evredekilerin ihbar\u0131 \u00fczerine olay yerine ambulans ekibi sevk edildi. Sa\u011fl\u0131k ekiplerinin olay yerinde ilk m\u00fcdahalesinin ard\u0131ndan yaral\u0131 in\u015faat ustas\u0131 Metin S. ambulans ile hastaneye kald\u0131r\u0131ld\u0131. Yaral\u0131 in\u015faat ustas\u0131 Metin S.&#8217;nin durumunun ciddiyetini korudu\u011fu \u00f6\u011frenildi. Alanya Cumhuriyet Ba\u015fsavc\u0131l\u0131\u011f\u0131&#8217;n\u0131n talimat\u0131 ile jandarma ekipleri taraf\u0131ndan ifadesi al\u0131nan \u015eantiye \u015fefi R.D. ise serbest b\u0131rak\u0131ld\u0131. Kaynak: www.kanalv.com.tr Haber Sitesinden Al\u0131nm\u0131\u015ft\u0131r."}