{"version":"1.0","provider_name":"Av. Deniz Can K\u0131z\u0131l","provider_url":"http:\/\/denizcankizil.tr\/de","author_name":"Av. Deniz Can K\u0131z\u0131l","author_url":"http:\/\/denizcankizil.tr\/de\/author\/denizcankizil\/","title":"\u0130pek'in hedefi Avrupa \u015eampiyonas\u0131","type":"rich","width":600,"height":338,"html":"<blockquote class=\"wp-embedded-content\" data-secret=\"Kh2QOyj9TN\"><a href=\"http:\/\/denizcankizil.tr\/de\/haberler\/antalya\/ipekin-hedefi-avrupa-sampiyonasi\/\">\u0130pek&#8217;in hedefi Avrupa \u015eampiyonas\u0131<\/a><\/blockquote><iframe sandbox=\"allow-scripts\" security=\"restricted\" src=\"http:\/\/denizcankizil.tr\/de\/haberler\/antalya\/ipekin-hedefi-avrupa-sampiyonasi\/embed\/#?secret=Kh2QOyj9TN\" width=\"600\" height=\"338\" title=\"&#8222;\u0130pek&#8217;in hedefi Avrupa \u015eampiyonas\u0131&#8220; &#8211; Av. Deniz Can K\u0131z\u0131l\" data-secret=\"Kh2QOyj9TN\" frameborder=\"0\" marginwidth=\"0\" marginheight=\"0\" scrolling=\"no\" class=\"wp-embedded-content\"><\/iframe><script>\n\/*! This file is auto-generated *\/\n!function(d,l){\"use strict\";l.querySelector&&d.addEventListener&&\"undefined\"!=typeof URL&&(d.wp=d.wp||{},d.wp.receiveEmbedMessage||(d.wp.receiveEmbedMessage=function(e){var t=e.data;if((t||t.secret||t.message||t.value)&&!\/[^a-zA-Z0-9]\/.test(t.secret)){for(var s,r,n,a=l.querySelectorAll('iframe[data-secret=\"'+t.secret+'\"]'),o=l.querySelectorAll('blockquote[data-secret=\"'+t.secret+'\"]'),c=new RegExp(\"^https?:$\",\"i\"),i=0;i<o.length;i++)o[i].style.display=\"none\";for(i=0;i<a.length;i++)s=a[i],e.source===s.contentWindow&&(s.removeAttribute(\"style\"),\"height\"===t.message?(1e3<(r=parseInt(t.value,10))?r=1e3:~~r<200&&(r=200),s.height=r):\"link\"===t.message&&(r=new URL(s.getAttribute(\"src\")),n=new URL(t.value),c.test(n.protocol))&&n.host===r.host&&l.activeElement===s&&(d.top.location.href=t.value))}},d.addEventListener(\"message\",d.wp.receiveEmbedMessage,!1),l.addEventListener(\"DOMContentLoaded\",function(){for(var e,t,s=l.querySelectorAll(\"iframe.wp-embedded-content\"),r=0;r<s.length;r++)(t=(e=s[r]).getAttribute(\"data-secret\"))||(t=Math.random().toString(36).substring(2,12),e.src+=\"#?secret=\"+t,e.setAttribute(\"data-secret\",t)),e.contentWindow.postMessage({message:\"ready\",secret:t},\"*\")},!1)))}(window,document);\n\/\/# sourceURL=http:\/\/denizcankizil.tr\/wp-includes\/js\/wp-embed.min.js\n<\/script>","description":"Elmal\u0131&#8217;da ya\u015fayan \u0130pek \u00d6zmen, 3&#8217;\u00fcnc\u00fc s\u0131n\u0131fta tekvando sporuna ba\u015flad\u0131. \u00d6zmen, ilk senesinde olmas\u0131na ra\u011fmen y\u0131ld\u0131zlar kategorisinde milli tak\u0131ma se\u00e7ildi. Avrupa\u2019n\u0131n en zorlu a\u00e7\u0131k tekvando turnuvas\u0131 olan T\u00fcrkiye Open&#8217;da 2&#8217;nci olan \u00d6zmen, s\u0131kletinin en iyileri aras\u0131nda kendisine yer buldu. Spora ba\u015flad\u0131\u011f\u0131 g\u00fcnden bu yana Antalya&#8217;da hen\u00fcz ma\u00e7 kaybetmeyen \u00d6zmen, ge\u00e7en sene Arnavutluk\u2019ta minikler kategorisinde Avrupa 5&#8217;incisi oldu. Bu sene Y\u0131ld\u0131zlar kategorisinde 29 kilogramda Avrupa\u2019n\u0131n en iyi 20 sporcusunun davet edildi\u011fi Estonya\u2019da d\u00fczenlenen Grand Prix turnuvas\u0131na kat\u0131lan tek T\u00fcrk sporcu olan \u00d6zmen, \u015fampiyon olup Avrupa \u015eampiyonas\u0131 finallerine direkt kat\u0131l\u0131m hakk\u0131 elde etti ve hanesine 80 puan yazd\u0131rd\u0131. \u0130pek \u00d6zmen&#8217;in antren\u00f6r\u00fc Berkcan S\u00fcng\u00fc, &#8220;3-6 Aral\u0131k&#8217;ta Bosna Hersek&#8217;te yap\u0131lacak Avrupa Tekvando \u015eampiyonas\u0131 finallerinde hedefimiz \u015fampiyonluk. Hedefimiz \u0130pek&#8217;i Avrupa ve d\u00fcnyan\u0131n zirvesinde g\u00f6rmek. Benim 2 Avrupa \u015fampiyonlu\u011fu, 2 d\u00fcnya \u00fc\u00e7\u00fcnc\u00fcl\u00fc\u011f\u00fcm var. \u0130pek&#8217;in beni ge\u00e7ece\u011finden hi\u00e7 \u015f\u00fcphem yok&#8221; diye konu\u015ftu. Kaynak: www.kanalv.com.tr Haber Sitesinden Al\u0131nm\u0131\u015ft\u0131r."}