{"version":"1.0","provider_name":"Av. Deniz Can K\u0131z\u0131l","provider_url":"http:\/\/denizcankizil.tr\/de","author_name":"Av. Deniz Can K\u0131z\u0131l","author_url":"http:\/\/denizcankizil.tr\/de\/author\/denizcankizil\/","title":"G\u0131da m\u00fchendisi hayat\u0131n\u0131 kaybetti","type":"rich","width":600,"height":338,"html":"<blockquote class=\"wp-embedded-content\" data-secret=\"vHDTYxIxsT\"><a href=\"http:\/\/denizcankizil.tr\/de\/haberler\/antalya\/gida-muhendisi-hayatini-kaybetti\/\">G\u0131da m\u00fchendisi hayat\u0131n\u0131 kaybetti<\/a><\/blockquote><iframe sandbox=\"allow-scripts\" security=\"restricted\" src=\"http:\/\/denizcankizil.tr\/de\/haberler\/antalya\/gida-muhendisi-hayatini-kaybetti\/embed\/#?secret=vHDTYxIxsT\" width=\"600\" height=\"338\" title=\"&#8222;G\u0131da m\u00fchendisi hayat\u0131n\u0131 kaybetti&#8220; &#8211; Av. Deniz Can K\u0131z\u0131l\" data-secret=\"vHDTYxIxsT\" frameborder=\"0\" marginwidth=\"0\" marginheight=\"0\" scrolling=\"no\" class=\"wp-embedded-content\"><\/iframe><script>\n\/*! This file is auto-generated *\/\n!function(d,l){\"use strict\";l.querySelector&&d.addEventListener&&\"undefined\"!=typeof URL&&(d.wp=d.wp||{},d.wp.receiveEmbedMessage||(d.wp.receiveEmbedMessage=function(e){var t=e.data;if((t||t.secret||t.message||t.value)&&!\/[^a-zA-Z0-9]\/.test(t.secret)){for(var s,r,n,a=l.querySelectorAll('iframe[data-secret=\"'+t.secret+'\"]'),o=l.querySelectorAll('blockquote[data-secret=\"'+t.secret+'\"]'),c=new RegExp(\"^https?:$\",\"i\"),i=0;i<o.length;i++)o[i].style.display=\"none\";for(i=0;i<a.length;i++)s=a[i],e.source===s.contentWindow&&(s.removeAttribute(\"style\"),\"height\"===t.message?(1e3<(r=parseInt(t.value,10))?r=1e3:~~r<200&&(r=200),s.height=r):\"link\"===t.message&&(r=new URL(s.getAttribute(\"src\")),n=new URL(t.value),c.test(n.protocol))&&n.host===r.host&&l.activeElement===s&&(d.top.location.href=t.value))}},d.addEventListener(\"message\",d.wp.receiveEmbedMessage,!1),l.addEventListener(\"DOMContentLoaded\",function(){for(var e,t,s=l.querySelectorAll(\"iframe.wp-embedded-content\"),r=0;r<s.length;r++)(t=(e=s[r]).getAttribute(\"data-secret\"))||(t=Math.random().toString(36).substring(2,12),e.src+=\"#?secret=\"+t,e.setAttribute(\"data-secret\",t)),e.contentWindow.postMessage({message:\"ready\",secret:t},\"*\")},!1)))}(window,document);\n\/\/# sourceURL=http:\/\/denizcankizil.tr\/wp-includes\/js\/wp-embed.min.js\n<\/script>","description":"D\u00fcn, Manavgat il\u00e7esinde bulunan 5 y\u0131ld\u0131zl\u0131 bir otelde meydana gelen olayda k\u0131sa s\u00fcre \u00f6nce g\u0131da m\u00fchendisi olarak g\u00f6reve ba\u015flayan Osman S\u00fczen (24) aniden fenala\u015farak yere y\u0131\u011f\u0131ld\u0131. Mesai arkada\u015flar\u0131n\u0131n 112 Acil \u00c7a\u011fr\u0131 Merkezi\u2019ne durumu bildirirken gen\u00e7 g\u0131da m\u00fchendisine ilk m\u00fcdahale otelin sa\u011fl\u0131k ekibi taraf\u0131ndan yap\u0131ld\u0131. \u0130hbarla S\u00fczen\u2019in \u00e7al\u0131\u015ft\u0131\u011f\u0131 otele gelen 112 Acil Sa\u011fl\u0131k ekibi gen\u00e7 m\u00fchendisi hastaneye kald\u0131r\u0131rken, mesai arkada\u015flar\u0131 ba\u015f\u0131ndan bir an olsun ayr\u0131lmad\u0131. Ambulansla Manavgat\u2019a bulunan \u00f6zel bir hastaneye kald\u0131r\u0131lan gen\u00e7 m\u00fchendis burada yap\u0131lan t\u00fcm m\u00fcdahaleye ra\u011fmen kurtar\u0131lamad\u0131. Ailesi cenazeyi teslim ald\u0131 Her hangi bir rahats\u0131zl\u0131\u011f\u0131 bulunmad\u0131\u011f\u0131 \u00f6\u011frenilen gen\u00e7 m\u00fchendisin \u00f6l\u00fcm haberini alan ailesi ve yak\u0131nlar\u0131 hastaneye ko\u015ftu. Ac\u0131 haberi alan S\u00fczen\u2019in ailesi sinir krizi ge\u00e7irirken gen\u00e7 g\u0131da m\u00fchendisinin kesin \u00f6l\u00fcm nedeni anla\u015f\u0131lmas\u0131 i\u00e7in cenazesi otopsi i\u00e7in\u00a0Antalya\u00a0Adli T\u0131p Kurumu morguna kald\u0131r\u0131ld\u0131. S\u00fczen\u2019in cenazesi bug\u00fcn i\u015flemlerinin ard\u0131ndan\u00a0Antalya\u00a0Adli T\u0131p Kurumu morgundan ailesi ve yak\u0131nlar\u0131 taraf\u0131ndan teslim al\u0131narak defnedilmek \u00fczere Akseki il\u00e7esine g\u00f6t\u00fcr\u00fcld\u00fc. Kaynak: www.kanalv.com.tr Haber Sitesinden Al\u0131nm\u0131\u015ft\u0131r."}