{"version":"1.0","provider_name":"Av. Deniz Can K\u0131z\u0131l","provider_url":"http:\/\/denizcankizil.tr\/de","author_name":"Av. Deniz Can K\u0131z\u0131l","author_url":"http:\/\/denizcankizil.tr\/de\/author\/denizcankizil\/","title":"Ferdi Zeyrek\u2019in ad\u0131 Muratpa\u015fa\u2019da ya\u015fayacak","type":"rich","width":600,"height":338,"html":"<blockquote class=\"wp-embedded-content\" data-secret=\"N9R0wuZmsO\"><a href=\"http:\/\/denizcankizil.tr\/de\/haberler\/antalya\/ferdi-zeyrekin-adi-muratpasada-yasayacak\/\">Ferdi Zeyrek\u2019in ad\u0131 Muratpa\u015fa\u2019da ya\u015fayacak<\/a><\/blockquote><iframe sandbox=\"allow-scripts\" security=\"restricted\" src=\"http:\/\/denizcankizil.tr\/de\/haberler\/antalya\/ferdi-zeyrekin-adi-muratpasada-yasayacak\/embed\/#?secret=N9R0wuZmsO\" width=\"600\" height=\"338\" title=\"&#8222;Ferdi Zeyrek\u2019in ad\u0131 Muratpa\u015fa\u2019da ya\u015fayacak&#8220; &#8211; Av. Deniz Can K\u0131z\u0131l\" data-secret=\"N9R0wuZmsO\" frameborder=\"0\" marginwidth=\"0\" marginheight=\"0\" scrolling=\"no\" class=\"wp-embedded-content\"><\/iframe><script>\n\/*! This file is auto-generated *\/\n!function(d,l){\"use strict\";l.querySelector&&d.addEventListener&&\"undefined\"!=typeof URL&&(d.wp=d.wp||{},d.wp.receiveEmbedMessage||(d.wp.receiveEmbedMessage=function(e){var t=e.data;if((t||t.secret||t.message||t.value)&&!\/[^a-zA-Z0-9]\/.test(t.secret)){for(var s,r,n,a=l.querySelectorAll('iframe[data-secret=\"'+t.secret+'\"]'),o=l.querySelectorAll('blockquote[data-secret=\"'+t.secret+'\"]'),c=new RegExp(\"^https?:$\",\"i\"),i=0;i<o.length;i++)o[i].style.display=\"none\";for(i=0;i<a.length;i++)s=a[i],e.source===s.contentWindow&&(s.removeAttribute(\"style\"),\"height\"===t.message?(1e3<(r=parseInt(t.value,10))?r=1e3:~~r<200&&(r=200),s.height=r):\"link\"===t.message&&(r=new URL(s.getAttribute(\"src\")),n=new URL(t.value),c.test(n.protocol))&&n.host===r.host&&l.activeElement===s&&(d.top.location.href=t.value))}},d.addEventListener(\"message\",d.wp.receiveEmbedMessage,!1),l.addEventListener(\"DOMContentLoaded\",function(){for(var e,t,s=l.querySelectorAll(\"iframe.wp-embedded-content\"),r=0;r<s.length;r++)(t=(e=s[r]).getAttribute(\"data-secret\"))||(t=Math.random().toString(36).substring(2,12),e.src+=\"#?secret=\"+t,e.setAttribute(\"data-secret\",t)),e.contentWindow.postMessage({message:\"ready\",secret:t},\"*\")},!1)))}(window,document);\n\/\/# sourceURL=http:\/\/denizcankizil.tr\/wp-includes\/js\/wp-embed.min.js\n<\/script>","thumbnail_url":"http:\/\/denizcankizil.tr\/wp-content\/uploads\/2025\/06\/6805-01-QNW9w4.jpg","thumbnail_width":1280,"thumbnail_height":720,"description":"Ferdi Zeyrek, ge\u00e7ti\u011fimiz g\u00fcnlerde evinde ya\u015fanan bir elektrik kazas\u0131nda a\u011f\u0131r yaralanm\u0131\u015f, kald\u0131r\u0131ld\u0131\u011f\u0131 hastanede 66 saat s\u00fcren ya\u015fam m\u00fccadelesinin ard\u0131ndan hayat\u0131n\u0131 kaybetmi\u015fti. 1977 do\u011fumlu olan Zeyrek, mimarl\u0131k e\u011fitimi ald\u0131ktan sonra uzun y\u0131llar serbest mimar olarak \u00e7al\u0131\u015ft\u0131. 2024 yerel se\u00e7imlerinde Manisa B\u00fcy\u00fck\u015fehir Belediye Ba\u015fkan\u0131 se\u00e7ilmi\u015fti. Zeyrek i\u00e7in memleketi Manisa\u2019da d\u00fczenlenen cenaze t\u00f6reni, on binlerce ki\u015fiyi bir araya getirirken, Muratpa\u015fa Belediye Ba\u015fkan\u0131 \u00dcmit Uysal da cenazeye kat\u0131lan isimler aras\u0131ndayd\u0131. Muratpa\u015fa Belediyesi\u2019nin Temmuz ay\u0131 meclisinde g\u00f6r\u00fc\u015f\u00fclmesi beklenen \u00f6nergenin kabul edilmesi halinde, Ferdi Zeyrek\u2019in ad\u0131 il\u00e7ede bir parka verilerek ya\u015fat\u0131lacak. Kaynak: www.kanalv.com.tr Haber Sitesinden Al\u0131nm\u0131\u015ft\u0131r."}