{"version":"1.0","provider_name":"Av. Deniz Can K\u0131z\u0131l","provider_url":"http:\/\/denizcankizil.tr\/de","author_name":"Av. Deniz Can K\u0131z\u0131l","author_url":"http:\/\/denizcankizil.tr\/de\/author\/denizcankizil\/","title":"Falezlerin tarihi surlar\u0131nda ya\u015f\u0131yor","type":"rich","width":600,"height":338,"html":"<blockquote class=\"wp-embedded-content\" data-secret=\"UEQtcf0NoK\"><a href=\"http:\/\/denizcankizil.tr\/de\/haberler\/antalya\/falezlerin-tarihi-surlarinda-yasiyor\/\">Falezlerin tarihi surlar\u0131nda ya\u015f\u0131yor<\/a><\/blockquote><iframe sandbox=\"allow-scripts\" security=\"restricted\" src=\"http:\/\/denizcankizil.tr\/de\/haberler\/antalya\/falezlerin-tarihi-surlarinda-yasiyor\/embed\/#?secret=UEQtcf0NoK\" width=\"600\" height=\"338\" title=\"&#8222;Falezlerin tarihi surlar\u0131nda ya\u015f\u0131yor&#8220; &#8211; Av. Deniz Can K\u0131z\u0131l\" data-secret=\"UEQtcf0NoK\" frameborder=\"0\" marginwidth=\"0\" marginheight=\"0\" scrolling=\"no\" class=\"wp-embedded-content\"><\/iframe><script>\n\/*! This file is auto-generated *\/\n!function(d,l){\"use strict\";l.querySelector&&d.addEventListener&&\"undefined\"!=typeof URL&&(d.wp=d.wp||{},d.wp.receiveEmbedMessage||(d.wp.receiveEmbedMessage=function(e){var t=e.data;if((t||t.secret||t.message||t.value)&&!\/[^a-zA-Z0-9]\/.test(t.secret)){for(var s,r,n,a=l.querySelectorAll('iframe[data-secret=\"'+t.secret+'\"]'),o=l.querySelectorAll('blockquote[data-secret=\"'+t.secret+'\"]'),c=new RegExp(\"^https?:$\",\"i\"),i=0;i<o.length;i++)o[i].style.display=\"none\";for(i=0;i<a.length;i++)s=a[i],e.source===s.contentWindow&&(s.removeAttribute(\"style\"),\"height\"===t.message?(1e3<(r=parseInt(t.value,10))?r=1e3:~~r<200&&(r=200),s.height=r):\"link\"===t.message&&(r=new URL(s.getAttribute(\"src\")),n=new URL(t.value),c.test(n.protocol))&&n.host===r.host&&l.activeElement===s&&(d.top.location.href=t.value))}},d.addEventListener(\"message\",d.wp.receiveEmbedMessage,!1),l.addEventListener(\"DOMContentLoaded\",function(){for(var e,t,s=l.querySelectorAll(\"iframe.wp-embedded-content\"),r=0;r<s.length;r++)(t=(e=s[r]).getAttribute(\"data-secret\"))||(t=Math.random().toString(36).substring(2,12),e.src+=\"#?secret=\"+t,e.setAttribute(\"data-secret\",t)),e.contentWindow.postMessage({message:\"ready\",secret:t},\"*\")},!1)))}(window,document);\n\/\/# sourceURL=http:\/\/denizcankizil.tr\/wp-includes\/js\/wp-embed.min.js\n<\/script>","thumbnail_url":"http:\/\/denizcankizil.tr\/wp-content\/uploads\/2025\/01\/4423-01-hAbBLh.jpeg","thumbnail_width":1280,"thumbnail_height":720,"description":"Muratpa\u015fa il\u00e7esi Kalei\u00e7i Yat Liman\u0131&#8217;ndaki falezlerdeki tarihi surlarda olu\u015fan bir oyu\u011fa Atat\u00fcrk&#8217;\u00fcn yer ald\u0131\u011f\u0131 T\u00fcrk bayra\u011f\u0131 asan H\u00fcseyin Urlu, ya\u015fam alan\u0131 hale getirdi\u011fi yerde sokak kedileriyle birlikte ya\u015f\u0131yor. Kendi imkanlar\u0131yla hayat\u0131n\u0131 s\u00fcrd\u00fcren Urlu, falezlerde yemek pi\u015firiyor, kedilere yuva oluyor. Urlu, ge\u00e7mi\u015fte K\u0131rklareli Demirk\u00f6y Orman \u0130\u015fletme M\u00fcd\u00fcrl\u00fc\u011f\u00fc&#8217;nde bek\u00e7i olarak \u00e7al\u0131\u015ft\u0131\u011f\u0131n\u0131 belirterek, insanlardan g\u00f6rd\u00fc\u011f\u00fc k\u00f6t\u00fcl\u00fckler nedeniyle yaln\u0131zl\u0131\u011f\u0131 se\u00e7ti\u011fini ifade etti. Urlu, \u201cBaz\u0131 insanlardan \u00e7ok k\u00f6t\u00fcl\u00fck g\u00f6rd\u00fcm, b\u00fct\u00fcn sevgimi hayvanlara verdim. Kedilere bak\u0131yorum, onlar\u0131 \u00f6ks\u00fcz b\u0131rakmamak i\u00e7in \u00e7abal\u0131yorum. Her g\u00fcn onlar\u0131n yeme\u011fini al\u0131yorum, g\u00f6zleri iltihaplan\u0131nca damla ve kremle tedavi ediyorum\u201d dedi. Kendi hayat tarz\u0131ndan memnun oldu\u011funu belirten Urlu, \u201cEn g\u00fczel hayat bu. D\u00fcnya senin olsa neye yarar? Gidece\u011fimiz yer iki metre toprak, iki metre kefen. Ba\u015fka bir \u015fey g\u00f6t\u00fcremiyoruz ki\u201d ifadelerini kulland\u0131. &#8220;\u00d6ks\u00fcz yavrular\u0131 ba\u011fr\u0131ma bast\u0131m&#8221; Atat\u00fcrk&#8217;e olan sevgisini her f\u0131rsatta dile getiren H\u00fcseyin Urlu&#8217;nun ya\u015fad\u0131\u011f\u0131 yerin giri\u015fine ast\u0131\u011f\u0131 Atat\u00fcrk&#8217;\u00fcn yer ald\u0131\u011f\u0131 T\u00fcrk bayra\u011f\u0131 dikkat \u00e7ekiyor. \u0130zmir Mar\u015f\u0131&#8217;n\u0131 s\u00f6yleyen Urlu, \u00f6zellikle &#8220;\u00d6ks\u00fcz yavrular\u0131 ba\u011fr\u0131ma bast\u0131m&#8221; k\u0131sm\u0131n\u0131n, sahipsiz kedilere bakmas\u0131yla \u00f6rt\u00fc\u015ft\u00fc\u011f\u00fcn\u00fc dile getirdi. Falezlerde kedileriyle birlikte hayat\u0131n\u0131 s\u00fcrd\u00fcren H\u00fcseyin Urlu, \u00f6mr\u00fc yetti\u011fince onlara bakmaya devam edece\u011fini vurgulayarak, hayvan sevgisinin en saf halini yans\u0131tmaya devam ediyor. Kaynak: www.kanalv.com.tr Haber Sitesinden Al\u0131nm\u0131\u015ft\u0131r."}