{"version":"1.0","provider_name":"Av. Deniz Can K\u0131z\u0131l","provider_url":"http:\/\/denizcankizil.tr\/de","author_name":"Av. Deniz Can K\u0131z\u0131l","author_url":"http:\/\/denizcankizil.tr\/de\/author\/denizcankizil\/","title":"Emniyetin Y\u0131ld\u0131r\u0131m Osman'\u0131 H\u0131rvatistan'da \u015fampiyon oldu","type":"rich","width":600,"height":338,"html":"<blockquote class=\"wp-embedded-content\" data-secret=\"Q9MRab7rjA\"><a href=\"http:\/\/denizcankizil.tr\/de\/haberler\/antalya\/emniyetin-yildirim-osmani-hirvatistanda-sampiyon-oldu\/\">Emniyetin Y\u0131ld\u0131r\u0131m Osman&#8217;\u0131 H\u0131rvatistan&#8217;da \u015fampiyon oldu<\/a><\/blockquote><iframe sandbox=\"allow-scripts\" security=\"restricted\" src=\"http:\/\/denizcankizil.tr\/de\/haberler\/antalya\/emniyetin-yildirim-osmani-hirvatistanda-sampiyon-oldu\/embed\/#?secret=Q9MRab7rjA\" width=\"600\" height=\"338\" title=\"&#8222;Emniyetin Y\u0131ld\u0131r\u0131m Osman&#8217;\u0131 H\u0131rvatistan&#8217;da \u015fampiyon oldu&#8220; &#8211; Av. Deniz Can K\u0131z\u0131l\" data-secret=\"Q9MRab7rjA\" frameborder=\"0\" marginwidth=\"0\" marginheight=\"0\" scrolling=\"no\" class=\"wp-embedded-content\"><\/iframe><script>\n\/*! This file is auto-generated *\/\n!function(d,l){\"use strict\";l.querySelector&&d.addEventListener&&\"undefined\"!=typeof URL&&(d.wp=d.wp||{},d.wp.receiveEmbedMessage||(d.wp.receiveEmbedMessage=function(e){var t=e.data;if((t||t.secret||t.message||t.value)&&!\/[^a-zA-Z0-9]\/.test(t.secret)){for(var s,r,n,a=l.querySelectorAll('iframe[data-secret=\"'+t.secret+'\"]'),o=l.querySelectorAll('blockquote[data-secret=\"'+t.secret+'\"]'),c=new RegExp(\"^https?:$\",\"i\"),i=0;i<o.length;i++)o[i].style.display=\"none\";for(i=0;i<a.length;i++)s=a[i],e.source===s.contentWindow&&(s.removeAttribute(\"style\"),\"height\"===t.message?(1e3<(r=parseInt(t.value,10))?r=1e3:~~r<200&&(r=200),s.height=r):\"link\"===t.message&&(r=new URL(s.getAttribute(\"src\")),n=new URL(t.value),c.test(n.protocol))&&n.host===r.host&&l.activeElement===s&&(d.top.location.href=t.value))}},d.addEventListener(\"message\",d.wp.receiveEmbedMessage,!1),l.addEventListener(\"DOMContentLoaded\",function(){for(var e,t,s=l.querySelectorAll(\"iframe.wp-embedded-content\"),r=0;r<s.length;r++)(t=(e=s[r]).getAttribute(\"data-secret\"))||(t=Math.random().toString(36).substring(2,12),e.src+=\"#?secret=\"+t,e.setAttribute(\"data-secret\",t)),e.contentWindow.postMessage({message:\"ready\",secret:t},\"*\")},!1)))}(window,document);\n\/\/# sourceURL=http:\/\/denizcankizil.tr\/wp-includes\/js\/wp-embed.min.js\n<\/script>","thumbnail_url":"http:\/\/denizcankizil.tr\/wp-content\/uploads\/2025\/05\/6297-01-bMhQGP.jpg","thumbnail_width":1280,"thumbnail_height":720,"description":"Antalya Emniyet M\u00fcd\u00fcrl\u00fc\u011f\u00fc&#8217;nde g\u00f6rev yapan at\u0131\u015f e\u011fitmeni Osman Demirta\u015flar, emniyet te\u015fkilat\u0131nda bir\u00e7ok birimde g\u00f6rev ald\u0131. Demirta\u015flar, son olarak Antalya Emniyet M\u00fcd\u00fcrl\u00fc\u011f\u00fc b\u00fcnyesindeki at\u0131\u015f poligonunda e\u011fitmenlik g\u00f6revine getirildi. 14 ki\u015filik \u00f6zel e\u011fitici kadroda yer alan Demirta\u015flar&#8217;\u0131n en b\u00fcy\u00fck \u00f6zelli\u011fi ise h\u0131z\u0131. Demirta\u015flar, son olarak H\u0131rvatistan&#8217;da d\u00fczenlenen uluslararas\u0131 at\u0131\u015f \u015fampiyonas\u0131nda b\u00fcy\u00fck ba\u015far\u0131ya imza att\u0131. 140 at\u0131c\u0131yla m\u00fccadele eden Demirta\u015flar, genel klasman, usta at\u0131c\u0131lar ve Military (asker ve polisler) kategorilerinde birincilik elde ederek 3 kez k\u00fcrs\u00fcye \u00e7\u0131kt\u0131. Yar\u0131\u015fmada en yak\u0131n rakibine 15 saniye fark atarak genel klasmanda a\u00e7\u0131k ara \u015fampiyon olan Demirta\u015flar, toplamda 170 m\u00fchimmat kulland\u0131klar\u0131 parkurlarda hem bireysel performans\u0131 hem de teknik \u00fcst\u00fcnl\u00fc\u011f\u00fcyle dikkat \u00e7ekti. &#8216;BAYRA\u011eIMIZI 3 KEZ DALGALANDIRMAK NAS\u0130P OLDU&#8217; K\u00fc\u00e7\u00fckl\u00fc\u011f\u00fcnden bu yana sava\u015f\u00e7\u0131 olma hayali kurdu\u011funu dile getiren Osman Demirta\u015flar, \u201cBug\u00fcn geldi\u011fim noktada sava\u015f\u00e7\u0131 de\u011fil, sava\u015f\u00e7\u0131 yeti\u015ftiren bir e\u011fitmenim. H\u0131rvatistan&#8217;daki \u015fampiyonada \u00fc\u00e7 kategoride birincilik alarak hem \u00fclkemizi hem te\u015fkilat\u0131m\u0131z\u0131 en iyi \u015fekilde temsil ettik. Bayra\u011f\u0131m\u0131z\u0131 \u00fc\u00e7 kez g\u00f6ndere \u00e7ektirmek nasip oldu. Bayra\u011f\u0131m\u0131z\u0131 a\u00e7mak ve kupa almak bize nasip oldu. Bu gurur tarif edilemez&#8221; dedi. &#8216;ARKADA\u015eLAR BAZEN BANA &#8216;YILDIRIM OSMAN&#8217; D\u0130YOR&#8217; Profesyonel at\u0131\u015f sporcusu oldu\u011funu belirten Demirta\u015flar, \u201cBu sporda, g\u00fcnl\u00fck hayatta silahl\u0131 bir sald\u0131r\u0131ya u\u011frad\u0131\u011f\u0131n\u0131zda, hedefleri \u00e7ok h\u0131zl\u0131 ve etkili bir \u015fekilde vurman\u0131z gerekir. T\u0131pk\u0131 bizim \u00f6\u011fretilerimizde oldu\u011fu gibi. Silahl\u0131 \u00e7at\u0131\u015fmaya &hellip;"}