{"version":"1.0","provider_name":"Av. Deniz Can K\u0131z\u0131l","provider_url":"http:\/\/denizcankizil.tr\/de","author_name":"Av. Deniz Can K\u0131z\u0131l","author_url":"http:\/\/denizcankizil.tr\/de\/author\/denizcankizil\/","title":"Buse'nin annesinden y\u00fcrek burkan payla\u015f\u0131m","type":"rich","width":600,"height":338,"html":"<blockquote class=\"wp-embedded-content\" data-secret=\"6M5iAKHHVq\"><a href=\"http:\/\/denizcankizil.tr\/de\/haberler\/antalya\/busenin-annesinden-yurek-burkan-paylasim\/\">Buse&#8217;nin annesinden y\u00fcrek burkan payla\u015f\u0131m<\/a><\/blockquote><iframe sandbox=\"allow-scripts\" security=\"restricted\" src=\"http:\/\/denizcankizil.tr\/de\/haberler\/antalya\/busenin-annesinden-yurek-burkan-paylasim\/embed\/#?secret=6M5iAKHHVq\" width=\"600\" height=\"338\" title=\"&#8222;Buse&#8217;nin annesinden y\u00fcrek burkan payla\u015f\u0131m&#8220; &#8211; Av. Deniz Can K\u0131z\u0131l\" data-secret=\"6M5iAKHHVq\" frameborder=\"0\" marginwidth=\"0\" marginheight=\"0\" scrolling=\"no\" class=\"wp-embedded-content\"><\/iframe><script>\n\/*! This file is auto-generated *\/\n!function(d,l){\"use strict\";l.querySelector&&d.addEventListener&&\"undefined\"!=typeof URL&&(d.wp=d.wp||{},d.wp.receiveEmbedMessage||(d.wp.receiveEmbedMessage=function(e){var t=e.data;if((t||t.secret||t.message||t.value)&&!\/[^a-zA-Z0-9]\/.test(t.secret)){for(var s,r,n,a=l.querySelectorAll('iframe[data-secret=\"'+t.secret+'\"]'),o=l.querySelectorAll('blockquote[data-secret=\"'+t.secret+'\"]'),c=new RegExp(\"^https?:$\",\"i\"),i=0;i<o.length;i++)o[i].style.display=\"none\";for(i=0;i<a.length;i++)s=a[i],e.source===s.contentWindow&&(s.removeAttribute(\"style\"),\"height\"===t.message?(1e3<(r=parseInt(t.value,10))?r=1e3:~~r<200&&(r=200),s.height=r):\"link\"===t.message&&(r=new URL(s.getAttribute(\"src\")),n=new URL(t.value),c.test(n.protocol))&&n.host===r.host&&l.activeElement===s&&(d.top.location.href=t.value))}},d.addEventListener(\"message\",d.wp.receiveEmbedMessage,!1),l.addEventListener(\"DOMContentLoaded\",function(){for(var e,t,s=l.querySelectorAll(\"iframe.wp-embedded-content\"),r=0;r<s.length;r++)(t=(e=s[r]).getAttribute(\"data-secret\"))||(t=Math.random().toString(36).substring(2,12),e.src+=\"#?secret=\"+t,e.setAttribute(\"data-secret\",t)),e.contentWindow.postMessage({message:\"ready\",secret:t},\"*\")},!1)))}(window,document);\n\/\/# sourceURL=http:\/\/denizcankizil.tr\/wp-includes\/js\/wp-embed.min.js\n<\/script>","thumbnail_url":"http:\/\/denizcankizil.tr\/wp-content\/uploads\/2025\/01\/4314-01-FqSyMU.jpeg","thumbnail_width":1280,"thumbnail_height":720,"description":"Kemer&#8217;de 24 Ocak 2019&#8217;da meydana gelen hortumda, annesinin kulland\u0131\u011f\u0131 arac\u0131n A\u011fva Deresi&#8217;ne s\u00fcr\u00fcklenmesi sonucu \u00fcniversite \u00f6\u011frencisi Kader Buse Acar kayboldu. 25 Ocak&#8217;ta jandarma, sahil g\u00fcvenlik, emniyet ekiplerince yap\u0131lan aramalarda; Kader Buse Acar&#8217;a ait \u00e7anta ve i\u00e7indeki \u015farj cihaz\u0131, k\u00fcpe, tarak ve \u015fal gibi malzemeler, arac\u0131n s\u00fcr\u00fcklendi\u011fi derenin \u0131slah\u0131nda, yan duvarlar\u0131 tutmas\u0131 i\u00e7in konulan kayalar\u0131n aras\u0131nda bulundu. Kader Buse Acar&#8217;\u0131 arama \u00e7al\u0131\u015fmalar\u0131, A\u011fva Deresi&#8217;nden denize do\u011fru s\u00fcrd\u00fcr\u00fcld\u00fc. 27 Ocak&#8217;ta derenin denize d\u00f6k\u00fcld\u00fc\u011f\u00fc noktan\u0131n sa\u011f taraf\u0131nda yer alan \u00c7amyuva Sahili&#8217;ndeki 4 y\u0131ld\u0131zl\u0131 otelin plaj\u0131nda, Kader Buse Acar&#8217;a ait ayakkab\u0131n\u0131n sol tekine ula\u015f\u0131ld\u0131. Ancak gen\u00e7 k\u0131za ait ba\u015fka bir ize rastlanmad\u0131. 2 May\u0131s 2019&#8217;da Kader Buse Acar i\u00e7in g\u0131yabi cenaze namaz\u0131 k\u0131l\u0131nd\u0131. &#8216;GELD\u0130 Y\u0130NE 24 OCAK&#8217; K\u0131zlar\u0131 Kader Buse&#8217;yi hortum felaketinde kaybeden Ahmet ve Ayla Acar \u00e7iftinin ac\u0131s\u0131, 6 y\u0131l boyunca dinmedi. Acar \u00e7ifti, sosyal medya hesaplar\u0131ndan zaman zaman yapt\u0131klar\u0131 payla\u015f\u0131mlarda k\u0131zlar\u0131n\u0131 and\u0131. Ayla Acar, k\u0131z\u0131n\u0131n foto\u011fraflar\u0131yla yapt\u0131\u011f\u0131 son payla\u015f\u0131mda, &#8220;Busem &#8216;Hep ayn\u0131 d\u00f6ng\u00fc y\u0131l d\u00f6n\u00fcmleri, kutlamalar bir y\u0131l ge\u00e7iyor&#8217; diyordun. De\u011fi\u015fen bir \u015fey yok. Bir y\u0131l daha ge\u00e7ti. Geldi yine 24 Ocak. Busem &#8216;Ben gelinceye kadar haz\u0131rla gidilecek yerleri&#8217; derdin. Gidilecek yerler \u00e7ok. Seni bekliyor. Anneni b\u0131rakt\u0131\u011f\u0131n yerde annen sensiz, yaln\u0131z&#8221; dedi. Ayla Acar, k\u0131z\u0131n\u0131n 19 Ocak&#8217;taki do\u011fum g\u00fcn\u00fcnde de \u00fczerinde &#8220;\u0130yi &hellip;"}