{"version":"1.0","provider_name":"Av. Deniz Can K\u0131z\u0131l","provider_url":"http:\/\/denizcankizil.tr\/de","author_name":"Av. Deniz Can K\u0131z\u0131l","author_url":"http:\/\/denizcankizil.tr\/de","title":"Bo\u015f arazideki tahta par\u00e7alar\u0131 yand\u0131","type":"rich","width":600,"height":338,"html":"<blockquote class=\"wp-embedded-content\" data-secret=\"7VacbJbAV2\"><a href=\"http:\/\/denizcankizil.tr\/de\/haberler\/antalya\/bos-arazideki-tahta-parcalari-yandi\/\">Bo\u015f arazideki tahta par\u00e7alar\u0131 yand\u0131<\/a><\/blockquote><iframe sandbox=\"allow-scripts\" security=\"restricted\" src=\"http:\/\/denizcankizil.tr\/de\/haberler\/antalya\/bos-arazideki-tahta-parcalari-yandi\/embed\/#?secret=7VacbJbAV2\" width=\"600\" height=\"338\" title=\"&#8222;Bo\u015f arazideki tahta par\u00e7alar\u0131 yand\u0131&#8220; &#8211; Av. Deniz Can K\u0131z\u0131l\" data-secret=\"7VacbJbAV2\" frameborder=\"0\" marginwidth=\"0\" marginheight=\"0\" scrolling=\"no\" class=\"wp-embedded-content\"><\/iframe><script>\n\/*! This file is auto-generated *\/\n!function(d,l){\"use strict\";l.querySelector&&d.addEventListener&&\"undefined\"!=typeof URL&&(d.wp=d.wp||{},d.wp.receiveEmbedMessage||(d.wp.receiveEmbedMessage=function(e){var t=e.data;if((t||t.secret||t.message||t.value)&&!\/[^a-zA-Z0-9]\/.test(t.secret)){for(var s,r,n,a=l.querySelectorAll('iframe[data-secret=\"'+t.secret+'\"]'),o=l.querySelectorAll('blockquote[data-secret=\"'+t.secret+'\"]'),c=new RegExp(\"^https?:$\",\"i\"),i=0;i<o.length;i++)o[i].style.display=\"none\";for(i=0;i<a.length;i++)s=a[i],e.source===s.contentWindow&&(s.removeAttribute(\"style\"),\"height\"===t.message?(1e3<(r=parseInt(t.value,10))?r=1e3:~~r<200&&(r=200),s.height=r):\"link\"===t.message&&(r=new URL(s.getAttribute(\"src\")),n=new URL(t.value),c.test(n.protocol))&&n.host===r.host&&l.activeElement===s&&(d.top.location.href=t.value))}},d.addEventListener(\"message\",d.wp.receiveEmbedMessage,!1),l.addEventListener(\"DOMContentLoaded\",function(){for(var e,t,s=l.querySelectorAll(\"iframe.wp-embedded-content\"),r=0;r<s.length;r++)(t=(e=s[r]).getAttribute(\"data-secret\"))||(t=Math.random().toString(36).substring(2,12),e.src+=\"#?secret=\"+t,e.setAttribute(\"data-secret\",t)),e.contentWindow.postMessage({message:\"ready\",secret:t},\"*\")},!1)))}(window,document);\n\/\/# sourceURL=http:\/\/denizcankizil.tr\/wp-includes\/js\/wp-embed.min.js\n<\/script>","thumbnail_url":"https:\/\/denizcankizil.tr\/wp-content\/uploads\/2024\/12\/3554-01-LPJKst.jpeg","thumbnail_width":1280,"thumbnail_height":720,"description":"Yang\u0131n, saat 10.30 s\u0131ralar\u0131nda Antalya&#8217;n\u0131n Kepez il\u00e7esi Mehmet Akif Ersoy Mahallesi 6013 Sokak \u00fczerinde meydana geldi. Edinilen bilgilere g\u00f6re, bo\u015f bir arazide bulunan tahta par\u00e7alar\u0131 hen\u00fcz belirlenemeyen bir nedenle yanmaya ba\u015flad\u0131. Yang\u0131n\u0131 fark eden \u00e7evredeki vatanda\u015flar, durumu hemen 112 Acil \u00c7a\u011fr\u0131 Merkezi&#8217;ne bildirdi. \u0130hbar \u00fczerine olay yerine gelen Antalya B\u00fcy\u00fck\u015fehir Belediyesi \u0130tfaiye Daire Ba\u015fkanl\u0131\u011f\u0131 ekipleri, yang\u0131na h\u0131zla m\u00fcdahale ederek alevleri k\u0131sa s\u00fcrede s\u00f6nd\u00fcrd\u00fc. Kaynak: www.kanalv.com.tr Haber Sitesinden Al\u0131nm\u0131\u015ft\u0131r."}