{"version":"1.0","provider_name":"Av. Deniz Can K\u0131z\u0131l","provider_url":"http:\/\/denizcankizil.tr\/de","author_name":"Av. Deniz Can K\u0131z\u0131l","author_url":"http:\/\/denizcankizil.tr\/de\/author\/denizcankizil\/","title":"Belediye personeline i\u015f sa\u011fl\u0131\u011f\u0131 ve g\u00fcvenli\u011fi e\u011fitimi","type":"rich","width":600,"height":338,"html":"<blockquote class=\"wp-embedded-content\" data-secret=\"wyvLpKqjVG\"><a href=\"http:\/\/denizcankizil.tr\/de\/haberler\/antalya\/belediye-personeline-is-sagligi-ve-guvenligi-egitimi\/\">Belediye personeline i\u015f sa\u011fl\u0131\u011f\u0131 ve g\u00fcvenli\u011fi e\u011fitimi<\/a><\/blockquote><iframe sandbox=\"allow-scripts\" security=\"restricted\" src=\"http:\/\/denizcankizil.tr\/de\/haberler\/antalya\/belediye-personeline-is-sagligi-ve-guvenligi-egitimi\/embed\/#?secret=wyvLpKqjVG\" width=\"600\" height=\"338\" title=\"&#8222;Belediye personeline i\u015f sa\u011fl\u0131\u011f\u0131 ve g\u00fcvenli\u011fi e\u011fitimi&#8220; &#8211; Av. Deniz Can K\u0131z\u0131l\" data-secret=\"wyvLpKqjVG\" frameborder=\"0\" marginwidth=\"0\" marginheight=\"0\" scrolling=\"no\" class=\"wp-embedded-content\"><\/iframe><script>\n\/*! This file is auto-generated *\/\n!function(d,l){\"use strict\";l.querySelector&&d.addEventListener&&\"undefined\"!=typeof URL&&(d.wp=d.wp||{},d.wp.receiveEmbedMessage||(d.wp.receiveEmbedMessage=function(e){var t=e.data;if((t||t.secret||t.message||t.value)&&!\/[^a-zA-Z0-9]\/.test(t.secret)){for(var s,r,n,a=l.querySelectorAll('iframe[data-secret=\"'+t.secret+'\"]'),o=l.querySelectorAll('blockquote[data-secret=\"'+t.secret+'\"]'),c=new RegExp(\"^https?:$\",\"i\"),i=0;i<o.length;i++)o[i].style.display=\"none\";for(i=0;i<a.length;i++)s=a[i],e.source===s.contentWindow&&(s.removeAttribute(\"style\"),\"height\"===t.message?(1e3<(r=parseInt(t.value,10))?r=1e3:~~r<200&&(r=200),s.height=r):\"link\"===t.message&&(r=new URL(s.getAttribute(\"src\")),n=new URL(t.value),c.test(n.protocol))&&n.host===r.host&&l.activeElement===s&&(d.top.location.href=t.value))}},d.addEventListener(\"message\",d.wp.receiveEmbedMessage,!1),l.addEventListener(\"DOMContentLoaded\",function(){for(var e,t,s=l.querySelectorAll(\"iframe.wp-embedded-content\"),r=0;r<s.length;r++)(t=(e=s[r]).getAttribute(\"data-secret\"))||(t=Math.random().toString(36).substring(2,12),e.src+=\"#?secret=\"+t,e.setAttribute(\"data-secret\",t)),e.contentWindow.postMessage({message:\"ready\",secret:t},\"*\")},!1)))}(window,document);\n\/\/# sourceURL=http:\/\/denizcankizil.tr\/wp-includes\/js\/wp-embed.min.js\n<\/script>","description":"Kemer Belediyesi K\u00fclt\u00fcr Salonu ve Arslanbucak D\u00fc\u011f\u00fcn Salonu\u2019nda ger\u00e7ekle\u015ftirilen e\u011fitim seminerine, belediye birim m\u00fcd\u00fcrleri ve belediye personeli b\u00fcy\u00fck ilgi g\u00f6sterdi. \u0130\u015f G\u00fcvenli\u011fi Uzman\u0131 Ahmet K\u00fc\u00e7\u00fcks\u00f6nmez ile Dr. Mustafa Bodur taraf\u0131ndan verilen seminerde personele i\u015f kazalar\u0131 ile ilgili i\u015f verenin ve \u00e7al\u0131\u015fan\u0131n haklar\u0131, temel i\u015f sa\u011fl\u0131\u011f\u0131 ve g\u00fcvenli\u011fi, meslek hastal\u0131klar\u0131n\u0131n sebepleri ve korunma y\u00f6ntemleri, yang\u0131n an\u0131nda ilk m\u00fcdahale, yang\u0131n s\u0131ras\u0131nda yap\u0131lmas\u0131 ve yap\u0131lmamas\u0131 gerekenler gibi pek \u00e7ok konuda \u00e7ok y\u00f6nl\u00fc bilgiler verildi. Seminer sonras\u0131nda belediye personeline, on soruluk bir s\u0131nav yap\u0131ld\u0131. E\u011fitimlerin, 13, 18 ve 25 Mart tarihlerinde devam edece\u011fi belirtildi. Kaynak: www.kanalv.com.tr Haber Sitesinden Al\u0131nm\u0131\u015ft\u0131r."}