{"version":"1.0","provider_name":"Av. Deniz Can K\u0131z\u0131l","provider_url":"http:\/\/denizcankizil.tr\/de","author_name":"Av. Deniz Can K\u0131z\u0131l","author_url":"http:\/\/denizcankizil.tr\/de\/author\/denizcankizil\/","title":"Ba\u015fkan B\u00f6cek'ten 23 Nisan mesaj\u0131","type":"rich","width":600,"height":338,"html":"<blockquote class=\"wp-embedded-content\" data-secret=\"z7747WwqTa\"><a href=\"http:\/\/denizcankizil.tr\/de\/haberler\/antalya\/baskan-bocekten-23-nisan-mesaji\/\">Ba\u015fkan B\u00f6cek&#8217;ten 23 Nisan mesaj\u0131<\/a><\/blockquote><iframe sandbox=\"allow-scripts\" security=\"restricted\" src=\"http:\/\/denizcankizil.tr\/de\/haberler\/antalya\/baskan-bocekten-23-nisan-mesaji\/embed\/#?secret=z7747WwqTa\" width=\"600\" height=\"338\" title=\"&#8222;Ba\u015fkan B\u00f6cek&#8217;ten 23 Nisan mesaj\u0131&#8220; &#8211; Av. Deniz Can K\u0131z\u0131l\" data-secret=\"z7747WwqTa\" frameborder=\"0\" marginwidth=\"0\" marginheight=\"0\" scrolling=\"no\" class=\"wp-embedded-content\"><\/iframe><script>\n\/*! This file is auto-generated *\/\n!function(d,l){\"use strict\";l.querySelector&&d.addEventListener&&\"undefined\"!=typeof URL&&(d.wp=d.wp||{},d.wp.receiveEmbedMessage||(d.wp.receiveEmbedMessage=function(e){var t=e.data;if((t||t.secret||t.message||t.value)&&!\/[^a-zA-Z0-9]\/.test(t.secret)){for(var s,r,n,a=l.querySelectorAll('iframe[data-secret=\"'+t.secret+'\"]'),o=l.querySelectorAll('blockquote[data-secret=\"'+t.secret+'\"]'),c=new RegExp(\"^https?:$\",\"i\"),i=0;i<o.length;i++)o[i].style.display=\"none\";for(i=0;i<a.length;i++)s=a[i],e.source===s.contentWindow&&(s.removeAttribute(\"style\"),\"height\"===t.message?(1e3<(r=parseInt(t.value,10))?r=1e3:~~r<200&&(r=200),s.height=r):\"link\"===t.message&&(r=new URL(s.getAttribute(\"src\")),n=new URL(t.value),c.test(n.protocol))&&n.host===r.host&&l.activeElement===s&&(d.top.location.href=t.value))}},d.addEventListener(\"message\",d.wp.receiveEmbedMessage,!1),l.addEventListener(\"DOMContentLoaded\",function(){for(var e,t,s=l.querySelectorAll(\"iframe.wp-embedded-content\"),r=0;r<s.length;r++)(t=(e=s[r]).getAttribute(\"data-secret\"))||(t=Math.random().toString(36).substring(2,12),e.src+=\"#?secret=\"+t,e.setAttribute(\"data-secret\",t)),e.contentWindow.postMessage({message:\"ready\",secret:t},\"*\")},!1)))}(window,document);\n\/\/# sourceURL=http:\/\/denizcankizil.tr\/wp-includes\/js\/wp-embed.min.js\n<\/script>","thumbnail_url":"http:\/\/denizcankizil.tr\/wp-content\/uploads\/2025\/04\/5940-01-IYFNqS.jpg","thumbnail_width":1280,"thumbnail_height":720,"description":"Ba\u015fkan B\u00f6cek&#8217;in mesaj\u0131nda \u015fu ifadeler yer ald\u0131: &#8220;Gazi Mustafa Kemal Atat\u00fcrk&#8217;\u00fcn, gelece\u011fin teminat\u0131 olarak g\u00f6rd\u00fc\u011f\u00fc \u00e7ocuklara arma\u011fan etti\u011fi 23 Nisan Ulusal Egemenlik ve \u00c7ocuk Bayram\u0131&#8217;n\u0131 b\u00fcy\u00fck bir gurur ve sevin\u00e7le kutluyor, bu vatan\u0131 bizlere emanet eden Gazi Mustafa Kemal Atat\u00fcrk&#8217;\u00fc ve milli m\u00fccadelemizin t\u00fcm kahramanlar\u0131n\u0131 rahmet, minnet ve sayg\u0131yla an\u0131yorum. Her y\u0131l co\u015fku ve gururla kutlad\u0131\u011f\u0131m\u0131z 23 Nisan Ulusal Egemenlik ve \u00c7ocuk Bayram\u0131, milletimizin ba\u011f\u0131ms\u0131zl\u0131k yolunda att\u0131\u011f\u0131 en \u00f6nemli ad\u0131mlardan biri olan T\u00fcrkiye B\u00fcy\u00fck Millet Meclisi&#8217;nin a\u00e7\u0131l\u0131\u015f\u0131n\u0131n da y\u0131ld\u00f6n\u00fcm\u00fcd\u00fcr. &#8216;Egemenlik kay\u0131ts\u0131z, \u015farts\u0131z Milletindir&#8217; s\u00f6z\u00fc do\u011frultusunda, milli egemenlik esas\u0131na dayal\u0131 a\u00e7\u0131lan T\u00fcrkiye B\u00fcy\u00fck Millet Meclisi, Mustafa Kemal Atat\u00fcrk \u00f6nderli\u011finde Kurtulu\u015f Sava\u015f\u0131&#8217;n\u0131 ba\u015flatarak, Cumhuriyet&#8217;e giden yolda \u00f6nemli g\u00f6revler \u00fcstlenmi\u015ftir. Vatan sevgisinin, milli birlik ve beraberli\u011fin, h\u00fcr ya\u015fama u\u011fruna sergilenen fedakarl\u0131\u011f\u0131n en g\u00fczel sembol\u00fc olan TBMM&#8217;nin kuruldu\u011fu g\u00fcn olan 23 Nisan 1920bu nedenle tarihimizde \u00f6nemli bir yere sahiptir. Atat\u00fcrk, millet egemenli\u011fini esas alan bu \u00f6nemli g\u00fcn\u00fc, ileri g\u00f6r\u00fc\u015fl\u00fc bir lider olarak, \u00e7ocuklara arma\u011fan etmi\u015ftir. &#8216;K\u00fc\u00e7\u00fck han\u0131mlar, k\u00fc\u00e7\u00fck beyler! Sizler hepiniz gelece\u011fin bir g\u00fcl\u00fc, y\u0131ld\u0131z\u0131, ikbal \u0131\u015f\u0131\u011f\u0131s\u0131n\u0131z. Memleketi as\u0131l \u0131\u015f\u0131\u011fa bo\u011facak olan sizsiniz. Kendinizin ne kadar \u00f6nemli, de\u011ferli oldu\u011funuzu d\u00fc\u015f\u00fcnerek ona g\u00f6re \u00e7al\u0131\u015f\u0131n\u0131z. Sizlerden \u00e7ok \u015fey bekliyoruz&#8217; diyen Atat\u00fcrk, gelece\u011fin mimarlar\u0131n\u0131n \u00e7ocuklar oldu\u011funu biliyor, onlara b\u00fcy\u00fck de\u011fer veriyordu. Sevgili \u00e7ocuklar; Cumhuriyetimizin kurucusu Mustafa Kemal &hellip;"}