{"version":"1.0","provider_name":"Av. Deniz Can K\u0131z\u0131l","provider_url":"http:\/\/denizcankizil.tr\/de","author_name":"Av. Deniz Can K\u0131z\u0131l","author_url":"http:\/\/denizcankizil.tr\/de\/author\/denizcankizil\/","title":"Apartmanda yang\u0131n pani\u011fi","type":"rich","width":600,"height":338,"html":"<blockquote class=\"wp-embedded-content\" data-secret=\"QUI0f7iVpo\"><a href=\"http:\/\/denizcankizil.tr\/de\/haberler\/antalya\/apartmanda-yangin-panigi\/\">Apartmanda yang\u0131n pani\u011fi<\/a><\/blockquote><iframe sandbox=\"allow-scripts\" security=\"restricted\" src=\"http:\/\/denizcankizil.tr\/de\/haberler\/antalya\/apartmanda-yangin-panigi\/embed\/#?secret=QUI0f7iVpo\" width=\"600\" height=\"338\" title=\"&#8222;Apartmanda yang\u0131n pani\u011fi&#8220; &#8211; Av. Deniz Can K\u0131z\u0131l\" data-secret=\"QUI0f7iVpo\" frameborder=\"0\" marginwidth=\"0\" marginheight=\"0\" scrolling=\"no\" class=\"wp-embedded-content\"><\/iframe><script>\n\/*! This file is auto-generated *\/\n!function(d,l){\"use strict\";l.querySelector&&d.addEventListener&&\"undefined\"!=typeof URL&&(d.wp=d.wp||{},d.wp.receiveEmbedMessage||(d.wp.receiveEmbedMessage=function(e){var t=e.data;if((t||t.secret||t.message||t.value)&&!\/[^a-zA-Z0-9]\/.test(t.secret)){for(var s,r,n,a=l.querySelectorAll('iframe[data-secret=\"'+t.secret+'\"]'),o=l.querySelectorAll('blockquote[data-secret=\"'+t.secret+'\"]'),c=new RegExp(\"^https?:$\",\"i\"),i=0;i<o.length;i++)o[i].style.display=\"none\";for(i=0;i<a.length;i++)s=a[i],e.source===s.contentWindow&&(s.removeAttribute(\"style\"),\"height\"===t.message?(1e3<(r=parseInt(t.value,10))?r=1e3:~~r<200&&(r=200),s.height=r):\"link\"===t.message&&(r=new URL(s.getAttribute(\"src\")),n=new URL(t.value),c.test(n.protocol))&&n.host===r.host&&l.activeElement===s&&(d.top.location.href=t.value))}},d.addEventListener(\"message\",d.wp.receiveEmbedMessage,!1),l.addEventListener(\"DOMContentLoaded\",function(){for(var e,t,s=l.querySelectorAll(\"iframe.wp-embedded-content\"),r=0;r<s.length;r++)(t=(e=s[r]).getAttribute(\"data-secret\"))||(t=Math.random().toString(36).substring(2,12),e.src+=\"#?secret=\"+t,e.setAttribute(\"data-secret\",t)),e.contentWindow.postMessage({message:\"ready\",secret:t},\"*\")},!1)))}(window,document);\n\/\/# sourceURL=http:\/\/denizcankizil.tr\/wp-includes\/js\/wp-embed.min.js\n<\/script>","thumbnail_url":"https:\/\/denizcankizil.tr\/wp-content\/uploads\/2025\/06\/6669-01-zJ87td.jpg","thumbnail_width":1280,"thumbnail_height":720,"description":"Yang\u0131n, saat 12.30 s\u0131ralar\u0131nda Muratpa\u015fa, il\u00e7esi K\u0131z\u0131saray Mahallesi 72 Sokak \u00fczerinde bulunan bir 6 katl\u0131 bir apartman\u0131n 3. kat\u0131ndaki daireden meydana geldi. Edinilen bilgiye g\u00f6re, hen\u00fcz belirlenemeyen bir nedenle dairenin balkon k\u0131sm\u0131ndan dumanlar y\u00fckseldi\u011fini fark eden \u00e7evredeki vatanda\u015flar durumu 112 Acil \u00c7a\u011fr\u0131 Merkezi\u2019ne bildirdi. Bu s\u0131rada balkonda bulunan masa ve k\u0131yafetlerin tutu\u015fmas\u0131 nedeniyle alevler balkonu sard\u0131. Duman\u0131 fark eden dairede ya\u015fayanlar panikle d\u0131\u015far\u0131 \u00e7\u0131karken, verilen adrese gelen itfaiye ekipleri s\u00f6nd\u00fcrme \u00e7al\u0131\u015fmas\u0131 yapt\u0131. K\u0131sa s\u00fcrede s\u00f6nd\u00fcr\u00fclen yang\u0131n nedeniyle dairede k\u00fc\u00e7\u00fck \u00e7apl\u0131 maddi hasar meydana geldi. Kaynak: www.kanalv.com.tr Haber Sitesinden Al\u0131nm\u0131\u015ft\u0131r."}