{"version":"1.0","provider_name":"Av. Deniz Can K\u0131z\u0131l","provider_url":"http:\/\/denizcankizil.tr\/de","author_name":"Av. Deniz Can K\u0131z\u0131l","author_url":"http:\/\/denizcankizil.tr\/de\/author\/denizcankizil\/","title":"Antalya'n\u0131n gen\u00e7 y\u0131ld\u0131zlar\u0131 T\u00fcrkiye 3.'s\u00fc oldu","type":"rich","width":600,"height":338,"html":"<blockquote class=\"wp-embedded-content\" data-secret=\"1rgxEt8Nne\"><a href=\"http:\/\/denizcankizil.tr\/de\/haberler\/antalya\/antalyanin-genc-yildizlari-turkiye-3-su-oldu\/\">Antalya&#8217;n\u0131n gen\u00e7 y\u0131ld\u0131zlar\u0131 T\u00fcrkiye 3.&#8217;s\u00fc oldu<\/a><\/blockquote><iframe sandbox=\"allow-scripts\" security=\"restricted\" src=\"http:\/\/denizcankizil.tr\/de\/haberler\/antalya\/antalyanin-genc-yildizlari-turkiye-3-su-oldu\/embed\/#?secret=1rgxEt8Nne\" width=\"600\" height=\"338\" title=\"&#8222;Antalya&#8217;n\u0131n gen\u00e7 y\u0131ld\u0131zlar\u0131 T\u00fcrkiye 3.&#8217;s\u00fc oldu&#8220; &#8211; Av. Deniz Can K\u0131z\u0131l\" data-secret=\"1rgxEt8Nne\" frameborder=\"0\" marginwidth=\"0\" marginheight=\"0\" scrolling=\"no\" class=\"wp-embedded-content\"><\/iframe><script>\n\/*! This file is auto-generated *\/\n!function(d,l){\"use strict\";l.querySelector&&d.addEventListener&&\"undefined\"!=typeof URL&&(d.wp=d.wp||{},d.wp.receiveEmbedMessage||(d.wp.receiveEmbedMessage=function(e){var t=e.data;if((t||t.secret||t.message||t.value)&&!\/[^a-zA-Z0-9]\/.test(t.secret)){for(var s,r,n,a=l.querySelectorAll('iframe[data-secret=\"'+t.secret+'\"]'),o=l.querySelectorAll('blockquote[data-secret=\"'+t.secret+'\"]'),c=new RegExp(\"^https?:$\",\"i\"),i=0;i<o.length;i++)o[i].style.display=\"none\";for(i=0;i<a.length;i++)s=a[i],e.source===s.contentWindow&&(s.removeAttribute(\"style\"),\"height\"===t.message?(1e3<(r=parseInt(t.value,10))?r=1e3:~~r<200&&(r=200),s.height=r):\"link\"===t.message&&(r=new URL(s.getAttribute(\"src\")),n=new URL(t.value),c.test(n.protocol))&&n.host===r.host&&l.activeElement===s&&(d.top.location.href=t.value))}},d.addEventListener(\"message\",d.wp.receiveEmbedMessage,!1),l.addEventListener(\"DOMContentLoaded\",function(){for(var e,t,s=l.querySelectorAll(\"iframe.wp-embedded-content\"),r=0;r<s.length;r++)(t=(e=s[r]).getAttribute(\"data-secret\"))||(t=Math.random().toString(36).substring(2,12),e.src+=\"#?secret=\"+t,e.setAttribute(\"data-secret\",t)),e.contentWindow.postMessage({message:\"ready\",secret:t},\"*\")},!1)))}(window,document);\n\/\/# sourceURL=http:\/\/denizcankizil.tr\/wp-includes\/js\/wp-embed.min.js\n<\/script>","thumbnail_url":"http:\/\/denizcankizil.tr\/wp-content\/uploads\/2025\/05\/6374-01-sy2G2V.jpg","thumbnail_width":1280,"thumbnail_height":720,"description":"Denizli&#8217;de 5-11 May\u0131s tarihleri aras\u0131nda d\u00fczenlenen U16 Erkekler T\u00fcrkiye \u015eampiyonas\u0131, T\u00fcrk basketbolunun gelece\u011fini \u015fekillendirecek gen\u00e7 y\u0131ld\u0131zlar\u0131n k\u0131yas\u0131ya m\u00fccadelesine sahne oldu. Bah\u00e7e\u015fehir Koleji\u2019nin \u015fampiyon, A. Efes\u2019in ikinci oldu\u011fu turnuvada, Antalya Geli\u015fim Gen\u00e7lik Spor Kul\u00fcb\u00fc (AGG\u0130K), Fenerbah\u00e7e\u2019yi 79-72\u2019lik skorla ma\u011flup ederek T\u00fcrkiye \u00fc\u00e7\u00fcnc\u00fcs\u00fc olmay\u0131 ba\u015fard\u0131. Devleri eleyerek zirveye \u00e7\u0131kt\u0131 Turnuva boyunca Kar\u015f\u0131yaka ve TOFA\u015e gibi S\u00fcper Lig devlerinin altyap\u0131 tak\u0131mlar\u0131n\u0131 eleyen Antalya temsilcisi, yar\u0131 finalde A. Efes kar\u015f\u0131s\u0131nda di\u015fe di\u015f bir m\u00fccadele ortaya koydu. Finali k\u0131l pay\u0131 ka\u00e7\u0131ran ekip, klasman ma\u00e7\u0131nda Fenerbah\u00e7e kar\u015f\u0131s\u0131nda g\u00f6sterdi\u011fi \u00fcst\u00fcn performansla ad\u0131n\u0131 k\u00fcrs\u00fcye yazd\u0131rmay\u0131 ba\u015fard\u0131. Cemil G\u00fcney B\u00fcge: &#8220;Bu ba\u015far\u0131 tesad\u00fcf de\u011fil&#8221; Kul\u00fcp Ba\u015fkan\u0131 Cemil G\u00fcney B\u00fcge, turnuva sonras\u0131 duygular\u0131n\u0131 \u015fu s\u00f6zlerle ifade etti: &#8220;Bu ba\u015far\u0131 asla tesad\u00fcf de\u011fil. \u00c7ok s\u0131k\u0131 bir antrenman temposuyla, disiplinli ve \u00f6zverili bir \u015fekilde \u00e7al\u0131\u015f\u0131yoruz. Ko\u00e7lar\u0131m\u0131z ve oyuncular\u0131m\u0131z b\u00fcy\u00fck emek verdiler. Yakla\u015f\u0131k 8 y\u0131ld\u0131r d\u00fczenli olarak T\u00fcrkiye \u015eampiyonas\u0131\u2019na kat\u0131l\u0131yor, ad\u0131m ad\u0131m bu ba\u015far\u0131ya y\u00fcr\u00fcyorduk. 2021-2022 sezonunda U18\u2019de T\u00fcrkiye \u015eampiyonu olmu\u015ftuk. \u015eimdi U16\u2019da T\u00fcrkiye 3.\u2019s\u00fc olarak Antalya basketbolunda yeni bir tarih yazd\u0131k. AGG\u0130K\u2019in altyap\u0131ya ve yerli yeteneklere verdi\u011fi \u00f6nem, ortaya koydu\u011fu bu b\u00fcy\u00fck ba\u015far\u0131yla t\u00fcm spor camias\u0131na ilham kayna\u011f\u0131 oldu. Bu gurur hepimizin, bu gurur Antalya\u2019n\u0131n. T\u00fcm oyuncular\u0131ma ve teknik ekibimize y\u00fcrekten te\u015fekk\u00fcr ediyorum.&#8221; Bireysel \u00f6d\u00fcllerde g\u00f6z doldurdu Tak\u0131m ba\u015far\u0131s\u0131n\u0131n yan\u0131 s\u0131ra oyuncular\u0131n &hellip;"}