{"version":"1.0","provider_name":"Av. Deniz Can K\u0131z\u0131l","provider_url":"http:\/\/denizcankizil.tr\/de","author_name":"Av. Deniz Can K\u0131z\u0131l","author_url":"http:\/\/denizcankizil.tr\/de\/author\/denizcankizil\/","title":"Antalya'da ormanlara giri\u015fler 1 May\u0131s\u2019tan itibaren yasak","type":"rich","width":600,"height":338,"html":"<blockquote class=\"wp-embedded-content\" data-secret=\"JMlnoVHrBA\"><a href=\"http:\/\/denizcankizil.tr\/de\/haberler\/antalya\/antalyada-ormanlara-girisler-1-mayistan-itibaren-yasak\/\">Antalya&#8217;da ormanlara giri\u015fler 1 May\u0131s\u2019tan itibaren yasak<\/a><\/blockquote><iframe sandbox=\"allow-scripts\" security=\"restricted\" src=\"http:\/\/denizcankizil.tr\/de\/haberler\/antalya\/antalyada-ormanlara-girisler-1-mayistan-itibaren-yasak\/embed\/#?secret=JMlnoVHrBA\" width=\"600\" height=\"338\" title=\"&#8222;Antalya&#8217;da ormanlara giri\u015fler 1 May\u0131s\u2019tan itibaren yasak&#8220; &#8211; Av. Deniz Can K\u0131z\u0131l\" data-secret=\"JMlnoVHrBA\" frameborder=\"0\" marginwidth=\"0\" marginheight=\"0\" scrolling=\"no\" class=\"wp-embedded-content\"><\/iframe><script>\n\/*! This file is auto-generated *\/\n!function(d,l){\"use strict\";l.querySelector&&d.addEventListener&&\"undefined\"!=typeof URL&&(d.wp=d.wp||{},d.wp.receiveEmbedMessage||(d.wp.receiveEmbedMessage=function(e){var t=e.data;if((t||t.secret||t.message||t.value)&&!\/[^a-zA-Z0-9]\/.test(t.secret)){for(var s,r,n,a=l.querySelectorAll('iframe[data-secret=\"'+t.secret+'\"]'),o=l.querySelectorAll('blockquote[data-secret=\"'+t.secret+'\"]'),c=new RegExp(\"^https?:$\",\"i\"),i=0;i<o.length;i++)o[i].style.display=\"none\";for(i=0;i<a.length;i++)s=a[i],e.source===s.contentWindow&&(s.removeAttribute(\"style\"),\"height\"===t.message?(1e3<(r=parseInt(t.value,10))?r=1e3:~~r<200&&(r=200),s.height=r):\"link\"===t.message&&(r=new URL(s.getAttribute(\"src\")),n=new URL(t.value),c.test(n.protocol))&&n.host===r.host&&l.activeElement===s&&(d.top.location.href=t.value))}},d.addEventListener(\"message\",d.wp.receiveEmbedMessage,!1),l.addEventListener(\"DOMContentLoaded\",function(){for(var e,t,s=l.querySelectorAll(\"iframe.wp-embedded-content\"),r=0;r<s.length;r++)(t=(e=s[r]).getAttribute(\"data-secret\"))||(t=Math.random().toString(36).substring(2,12),e.src+=\"#?secret=\"+t,e.setAttribute(\"data-secret\",t)),e.contentWindow.postMessage({message:\"ready\",secret:t},\"*\")},!1)))}(window,document);\n\/\/# sourceURL=http:\/\/denizcankizil.tr\/wp-includes\/js\/wp-embed.min.js\n<\/script>","description":"Antalya Valisi Hulusi \u015eahin ba\u015fkanl\u0131\u011f\u0131nda d\u00fczenlenen Orman Yang\u0131nlar\u0131yla M\u00fccadele Komisyonu Toplant\u0131s\u0131, Orman B\u00f6lge M\u00fcd\u00fcrl\u00fc\u011f\u00fc Merkez Misafirhanesi\u2019nde yap\u0131ld\u0131. Toplant\u0131da 2025 y\u0131l\u0131 yang\u0131n sezonuna y\u00f6nelik haz\u0131rl\u0131klar masaya yat\u0131r\u0131l\u0131rken, 45 madde g\u00f6r\u00fc\u015f\u00fcld\u00fc. &#8220;Sanayi devriminden bu yana en s\u0131cak yaz ge\u00e7irildi&#8221; Vali \u015eahin, 2024 y\u0131l\u0131n\u0131n sanayi devriminden bu yana kaydedilen en s\u0131cak yaz aylar\u0131n\u0131 bar\u0131nd\u0131rd\u0131\u011f\u0131na dikkat \u00e7ekerek, bu zorlu iklim \u015fartlar\u0131na ra\u011fmen Antalya\u2019da \u00e7\u0131kan 275 orman yang\u0131n\u0131na kar\u015f\u0131 etkin m\u00fcdahaleyle sadece 333 hektar alan\u0131n zarar g\u00f6rd\u00fc\u011f\u00fcn\u00fc belirtti. \u015eahin, &#8220;Bu say\u0131 bir \u00f6nceki y\u0131la g\u00f6re yang\u0131n say\u0131s\u0131nda y\u00fczde 60\u2019\u0131n \u00fczerinde art\u0131\u015f anlam\u0131na geliyor. Ancak yanan alan miktar\u0131ndaki d\u00fc\u015f\u00fc\u015f, orman te\u015fkilat\u0131m\u0131z\u0131n ve destek veren t\u00fcm kurumlar\u0131n \u00f6zverili \u00e7al\u0131\u015fmas\u0131n\u0131n sonucudur&#8221; dedi. Antalya\u2019n\u0131n 1.1 milyon hektarl\u0131k orman varl\u0131\u011f\u0131 ile T\u00fcrkiye\u2019de ilk s\u0131rada yer ald\u0131\u011f\u0131n\u0131 hat\u0131rlatan Vali \u015eahin, 2021 y\u0131l\u0131nda Manavgat\u2019ta ya\u015fanan ve 60 bin hektar\u0131 k\u00fcle \u00e7eviren b\u00fcy\u00fck yang\u0131ndan sonra al\u0131nan derslerin yeni sezon \u00f6nlemlerini \u015fekillendirdi\u011fini s\u00f6yledi. 2025 yaz\u0131nda orman i\u015f\u00e7isi say\u0131s\u0131n\u0131n 1000&#8217;in \u00fczerine \u00e7\u0131kar\u0131lmas\u0131n\u0131n hedeflendi\u011fini ifade eden \u015eahin, yaz mevsimine 114 araz\u00f6z, 35 su ikmal arac\u0131, 7 helikopter, 5 u\u00e7ak ve 1 \u0130HA ile girildi\u011fini kaydetti. \u015eahin, &#8220;Orman te\u015fkilat\u0131m\u0131z\u0131n ara\u00e7 ve personel altyap\u0131s\u0131 g\u00fc\u00e7l\u00fc. Her t\u00fcrl\u00fc senaryoya haz\u0131rl\u0131kl\u0131y\u0131z&#8221; dedi. Toplant\u0131da al\u0131nan karar do\u011frultusunda, Antalya Valili\u011fi taraf\u0131ndan 1 May\u0131s &#8211; 31 Ekim 2025 tarihleri aras\u0131nda ge\u00e7erli olacak \u015fekilde &hellip;"}