{"version":"1.0","provider_name":"Av. Deniz Can K\u0131z\u0131l","provider_url":"http:\/\/denizcankizil.tr\/de","author_name":"Av. Deniz Can K\u0131z\u0131l","author_url":"http:\/\/denizcankizil.tr\/de\/author\/denizcankizil\/","title":"Antalya'da 23 Nisan program\u0131","type":"rich","width":600,"height":338,"html":"<blockquote class=\"wp-embedded-content\" data-secret=\"VT7Yi9VlbR\"><a href=\"http:\/\/denizcankizil.tr\/de\/haberler\/antalya\/antalyada-23-nisan-programi\/\">Antalya&#8217;da 23 Nisan program\u0131<\/a><\/blockquote><iframe sandbox=\"allow-scripts\" security=\"restricted\" src=\"http:\/\/denizcankizil.tr\/de\/haberler\/antalya\/antalyada-23-nisan-programi\/embed\/#?secret=VT7Yi9VlbR\" width=\"600\" height=\"338\" title=\"&#8222;Antalya&#8217;da 23 Nisan program\u0131&#8220; &#8211; Av. Deniz Can K\u0131z\u0131l\" data-secret=\"VT7Yi9VlbR\" frameborder=\"0\" marginwidth=\"0\" marginheight=\"0\" scrolling=\"no\" class=\"wp-embedded-content\"><\/iframe><script>\n\/*! This file is auto-generated *\/\n!function(d,l){\"use strict\";l.querySelector&&d.addEventListener&&\"undefined\"!=typeof URL&&(d.wp=d.wp||{},d.wp.receiveEmbedMessage||(d.wp.receiveEmbedMessage=function(e){var t=e.data;if((t||t.secret||t.message||t.value)&&!\/[^a-zA-Z0-9]\/.test(t.secret)){for(var s,r,n,a=l.querySelectorAll('iframe[data-secret=\"'+t.secret+'\"]'),o=l.querySelectorAll('blockquote[data-secret=\"'+t.secret+'\"]'),c=new RegExp(\"^https?:$\",\"i\"),i=0;i<o.length;i++)o[i].style.display=\"none\";for(i=0;i<a.length;i++)s=a[i],e.source===s.contentWindow&&(s.removeAttribute(\"style\"),\"height\"===t.message?(1e3<(r=parseInt(t.value,10))?r=1e3:~~r<200&&(r=200),s.height=r):\"link\"===t.message&&(r=new URL(s.getAttribute(\"src\")),n=new URL(t.value),c.test(n.protocol))&&n.host===r.host&&l.activeElement===s&&(d.top.location.href=t.value))}},d.addEventListener(\"message\",d.wp.receiveEmbedMessage,!1),l.addEventListener(\"DOMContentLoaded\",function(){for(var e,t,s=l.querySelectorAll(\"iframe.wp-embedded-content\"),r=0;r<s.length;r++)(t=(e=s[r]).getAttribute(\"data-secret\"))||(t=Math.random().toString(36).substring(2,12),e.src+=\"#?secret=\"+t,e.setAttribute(\"data-secret\",t)),e.contentWindow.postMessage({message:\"ready\",secret:t},\"*\")},!1)))}(window,document);\n\/\/# sourceURL=http:\/\/denizcankizil.tr\/wp-includes\/js\/wp-embed.min.js\n<\/script>","thumbnail_url":"https:\/\/denizcankizil.tr\/wp-content\/uploads\/2025\/04\/5926-01-cyv4Ek.jpg","thumbnail_width":1280,"thumbnail_height":720,"description":"23 Nisan Ulusal Egemenlik ve \u00c7ocuk Bayram\u0131 ve T\u00fcrkiye B\u00fcy\u00fck Millet Meclisi&#8217;nin kurulu\u015funun 105&#8217;inci y\u0131l d\u00f6n\u00fcm\u00fc kutlamalar\u0131 saat 09.30&#8217;da \u0130l Milli E\u011fitim M\u00fcd\u00fcrl\u00fc\u011f\u00fc&#8217;n\u00fcn Cumhuriyet Meydan\u0131&#8217;nda Atat\u00fcrk An\u0131t\u0131&#8217;na \u00e7elenk sunumuyla ba\u015fl\u0131yor. \u00c7elenk sunumuyla ayn\u0131 saatte Setur Antalya Marina&#8217;dan Aile ve Sosyal Hizmetler \u0130l M\u00fcd\u00fcrl\u00fc\u011f\u00fc b\u00fcnyesindeki koruma alt\u0131ndaki \u00e7ocuklar\u0131n kat\u0131l\u0131m\u0131yla Deniz Sevgi Korteji d\u00fczenlenecek. Saat 09.45&#8217;te ise Valilik, Garnizon Komutanl\u0131\u011f\u0131, B\u00fcy\u00fck\u015fehir Belediyesi, kaymakaml\u0131klar ve il\u00e7e belediye ba\u015fkanl\u0131klar\u0131 gibi resmi dairelerde makamlar\u0131 \u00e7ocuklar devralacak. Resmi kutlama t\u00f6reni ise saat 10.30&#8217;da Karaalio\u011flu Park\u0131&#8217;nda d\u00fczenlenecek. \u00d6\u011frenci g\u00f6sterileri ve okul \u00f6ncesi \u00e7ocuk \u015fenli\u011finin a\u00e7\u0131l\u0131\u015f\u0131 da yap\u0131lacak. 3&#8217;\u00fcnc\u00fc Piyade E\u011fitim Tugay\u0131 Bando Komutanl\u0131\u011f\u0131, saat 11.00&#8217;de Konyaalt\u0131 \u015eehit \u0130lhan Kesekler Ortaokulu bah\u00e7esinde konser d\u00fczenleyecek. Saat 18.00&#8217;de ise Konyaalt\u0131 sahilinde T\u00fcrk Y\u0131ld\u0131zlar\u0131 akrobasi g\u00f6sterisi sunulacak. 23 Nisan havac\u0131l\u0131k etkinlikleri ise saat 10.00-12.00 aras\u0131nda T\u00fcrk Hava Kurumu Karain Havac\u0131l\u0131k E\u011fitim Merkezi&#8217;nde d\u00fczenlenecek. Bu etkinliklerde 4 \u00f6\u011frenciye u\u00e7ak ile taksi yapt\u0131r\u0131lmas\u0131, cep model u\u00e7ak g\u00f6sterisi, u\u00e7u\u015f okulu akrobasi g\u00f6sterileri yer alacak. 23 Nisan \u00c7ocuk Bayram\u0131 kapsam\u0131nda Antalya B\u00fcy\u00fck\u015fehir Belediyesi&#8217;nin bu y\u0131l 26&#8217;nc\u0131s\u0131 d\u00fczenlenen \u00c7ocuk Festivali de Kepez Dokuma Park&#8217;ta saat 16.00&#8217;da yap\u0131lacak. Saat 21.00&#8217;de Cumhuriyet Meydan\u0131&#8217;nda ise Mustafa Sandal konser verecek. Kaynak: www.kanalv.com.tr Haber Sitesinden Al\u0131nm\u0131\u015ft\u0131r."}