{"version":"1.0","provider_name":"Av. Deniz Can K\u0131z\u0131l","provider_url":"http:\/\/denizcankizil.tr\/de","author_name":"Av. Deniz Can K\u0131z\u0131l","author_url":"http:\/\/denizcankizil.tr\/de","title":"Akdeniz \u00dcniversitesi'nde anlaml\u0131 bulu\u015fma","type":"rich","width":600,"height":338,"html":"<blockquote class=\"wp-embedded-content\" data-secret=\"zLv8Fjsj1C\"><a href=\"http:\/\/denizcankizil.tr\/de\/haberler\/antalya\/akdeniz-universitesinde-anlamli-bulusma\/\">Akdeniz \u00dcniversitesi&#8217;nde anlaml\u0131 bulu\u015fma<\/a><\/blockquote><iframe sandbox=\"allow-scripts\" security=\"restricted\" src=\"http:\/\/denizcankizil.tr\/de\/haberler\/antalya\/akdeniz-universitesinde-anlamli-bulusma\/embed\/#?secret=zLv8Fjsj1C\" width=\"600\" height=\"338\" title=\"&#8222;Akdeniz \u00dcniversitesi&#8217;nde anlaml\u0131 bulu\u015fma&#8220; &#8211; Av. Deniz Can K\u0131z\u0131l\" data-secret=\"zLv8Fjsj1C\" frameborder=\"0\" marginwidth=\"0\" marginheight=\"0\" scrolling=\"no\" class=\"wp-embedded-content\"><\/iframe><script>\n\/*! This file is auto-generated *\/\n!function(d,l){\"use strict\";l.querySelector&&d.addEventListener&&\"undefined\"!=typeof URL&&(d.wp=d.wp||{},d.wp.receiveEmbedMessage||(d.wp.receiveEmbedMessage=function(e){var t=e.data;if((t||t.secret||t.message||t.value)&&!\/[^a-zA-Z0-9]\/.test(t.secret)){for(var s,r,n,a=l.querySelectorAll('iframe[data-secret=\"'+t.secret+'\"]'),o=l.querySelectorAll('blockquote[data-secret=\"'+t.secret+'\"]'),c=new RegExp(\"^https?:$\",\"i\"),i=0;i<o.length;i++)o[i].style.display=\"none\";for(i=0;i<a.length;i++)s=a[i],e.source===s.contentWindow&&(s.removeAttribute(\"style\"),\"height\"===t.message?(1e3<(r=parseInt(t.value,10))?r=1e3:~~r<200&&(r=200),s.height=r):\"link\"===t.message&&(r=new URL(s.getAttribute(\"src\")),n=new URL(t.value),c.test(n.protocol))&&n.host===r.host&&l.activeElement===s&&(d.top.location.href=t.value))}},d.addEventListener(\"message\",d.wp.receiveEmbedMessage,!1),l.addEventListener(\"DOMContentLoaded\",function(){for(var e,t,s=l.querySelectorAll(\"iframe.wp-embedded-content\"),r=0;r<s.length;r++)(t=(e=s[r]).getAttribute(\"data-secret\"))||(t=Math.random().toString(36).substring(2,12),e.src+=\"#?secret=\"+t,e.setAttribute(\"data-secret\",t)),e.contentWindow.postMessage({message:\"ready\",secret:t},\"*\")},!1)))}(window,document);\n\/\/# sourceURL=http:\/\/denizcankizil.tr\/wp-includes\/js\/wp-embed.min.js\n<\/script>","thumbnail_url":"https:\/\/denizcankizil.tr\/wp-content\/uploads\/2024\/12\/3402-01-WZpFbq.jpeg","thumbnail_width":1280,"thumbnail_height":720,"description":"Rekt\u00f6r Prof. Dr. \u00d6zlenen \u00d6zkan, Akdeniz \u00dcniversitesi Hastanesi A Blok Kokteyl Salonunda engelli \u00e7al\u0131\u015fanlarla bir araya geldi. Etkinli\u011fe kat\u0131lmak i\u00e7in ameliyathaneden \u00e7\u0131k\u0131p geldi\u011fini ifade eden Akdeniz \u00dcniversitesi Rekt\u00f6r\u00fc Prof. Dr. \u00d6zlenen \u00d6zkan, \u201cAmeliyattan \u00e7\u0131kt\u0131m buraya ko\u015farak geldim, sizlerle birlikte olmak i\u00e7in. Bizim i\u015fimizde genel de uzvu olmayan insanlar\u0131 tedavi etmek. Bu anlamda sizlerin de az \u00e7ok neler ya\u015fad\u0131\u011f\u0131n\u0131 biliyorum ve sizle empati yapmaya \u00e7al\u0131\u015f\u0131yorum. Y\u00f6netici olarak da bizim en \u00f6nemli i\u015fimiz sizlerin hayat\u0131n\u0131 daha ya\u015fanabilir k\u0131lmak, di\u011fer insanlarla daha e\u015fit bir d\u00fcnya sa\u011flamak\u201d dedi. \u201c\u00d6nemli olan g\u00f6n\u00fclden g\u00f6n\u00fcle k\u00f6pr\u00fcler kurabilmek\u201d G\u00f6reve geldikleri g\u00fcnden beri kamp\u00fcs\u00fc ve hastaneyi engelliler i\u00e7in daha ya\u015fan\u0131labilir k\u0131lmaya \u00e7al\u0131\u015ft\u0131\u011f\u0131n\u0131 ifade eden Rekt\u00f6r \u00d6zkan, \u201cBurada \u00f6nemli olan g\u00f6n\u00fclden g\u00f6n\u00fcle k\u00f6pr\u00fcler kurabilmek. Umar\u0131m o k\u00f6pr\u00fcleri kurabilirmi\u015fizdir. Bundan sonraki s\u00fcre\u00e7te de ihtiyac\u0131n\u0131z ne varsa her zaman ileti\u015fimde kalmak bizim i\u00e7in \u00e7ok k\u0131ymetli. \u00d6nemli olan d\u00fcnyan\u0131n herkes ad\u0131na daha e\u015fit, daha g\u00fczel olmas\u0131. \u0130yi ki vars\u0131n\u0131z. Neye ihtiyac\u0131n\u0131z olursa bunlar\u0131 kolayla\u015ft\u0131rmakla y\u00fck\u00fcml\u00fcy\u00fcz. Yeter ki g\u00f6n\u00fcl engeli olmas\u0131n, fiziksel engeller bir \u015fekilde y\u0131k\u0131l\u0131yor. Umar\u0131m d\u00fcnya daha e\u015fit, daha g\u00fczel, daha sa\u011fl\u0131kl\u0131 ve daha mutlu olur\u201d \u015feklinde konu\u015ftu. \u201cB\u00fct\u00fcn \u00e7al\u0131\u015fanlar\u0131m\u0131z \u00e7ok \u00f6nemli rol al\u0131yor\u201d Uzun zamand\u0131r b\u00f6yle etkinliklerle bir araya gelmek istediklerini vurgulayan Hastane Ba\u015fhekimi Prof. Dr. Y\u0131ld\u0131ray \u00c7ete ise \u201cHasta bak\u0131m\u0131n\u0131n &hellip;"}