{"version":"1.0","provider_name":"Av. Deniz Can K\u0131z\u0131l","provider_url":"http:\/\/denizcankizil.tr\/de","author_name":"Av. Deniz Can K\u0131z\u0131l","author_url":"http:\/\/denizcankizil.tr\/de\/author\/denizcankizil\/","title":"AESOB'tan geleneksel iftar yeme\u011fi","type":"rich","width":600,"height":338,"html":"<blockquote class=\"wp-embedded-content\" data-secret=\"l5M0ttqUyc\"><a href=\"http:\/\/denizcankizil.tr\/de\/haberler\/antalya\/aesobtan-geleneksel-iftar-yemegi\/\">AESOB&#8217;tan geleneksel iftar yeme\u011fi<\/a><\/blockquote><iframe sandbox=\"allow-scripts\" security=\"restricted\" src=\"http:\/\/denizcankizil.tr\/de\/haberler\/antalya\/aesobtan-geleneksel-iftar-yemegi\/embed\/#?secret=l5M0ttqUyc\" width=\"600\" height=\"338\" title=\"&#8222;AESOB&#8217;tan geleneksel iftar yeme\u011fi&#8220; &#8211; Av. Deniz Can K\u0131z\u0131l\" data-secret=\"l5M0ttqUyc\" frameborder=\"0\" marginwidth=\"0\" marginheight=\"0\" scrolling=\"no\" class=\"wp-embedded-content\"><\/iframe><script>\n\/*! This file is auto-generated *\/\n!function(d,l){\"use strict\";l.querySelector&&d.addEventListener&&\"undefined\"!=typeof URL&&(d.wp=d.wp||{},d.wp.receiveEmbedMessage||(d.wp.receiveEmbedMessage=function(e){var t=e.data;if((t||t.secret||t.message||t.value)&&!\/[^a-zA-Z0-9]\/.test(t.secret)){for(var s,r,n,a=l.querySelectorAll('iframe[data-secret=\"'+t.secret+'\"]'),o=l.querySelectorAll('blockquote[data-secret=\"'+t.secret+'\"]'),c=new RegExp(\"^https?:$\",\"i\"),i=0;i<o.length;i++)o[i].style.display=\"none\";for(i=0;i<a.length;i++)s=a[i],e.source===s.contentWindow&&(s.removeAttribute(\"style\"),\"height\"===t.message?(1e3<(r=parseInt(t.value,10))?r=1e3:~~r<200&&(r=200),s.height=r):\"link\"===t.message&&(r=new URL(s.getAttribute(\"src\")),n=new URL(t.value),c.test(n.protocol))&&n.host===r.host&&l.activeElement===s&&(d.top.location.href=t.value))}},d.addEventListener(\"message\",d.wp.receiveEmbedMessage,!1),l.addEventListener(\"DOMContentLoaded\",function(){for(var e,t,s=l.querySelectorAll(\"iframe.wp-embedded-content\"),r=0;r<s.length;r++)(t=(e=s[r]).getAttribute(\"data-secret\"))||(t=Math.random().toString(36).substring(2,12),e.src+=\"#?secret=\"+t,e.setAttribute(\"data-secret\",t)),e.contentWindow.postMessage({message:\"ready\",secret:t},\"*\")},!1)))}(window,document);\n\/\/# sourceURL=http:\/\/denizcankizil.tr\/wp-includes\/js\/wp-embed.min.js\n<\/script>","description":"AESOB taraf\u0131ndan her y\u0131l geleneksel olarak d\u00fczenlenen iftar program\u0131, Mimar Sinan K\u00fclt\u00fcr Merkezi&#8217;nde ger\u00e7ekle\u015ftirildi. \u0130ftara, Vali Hulusi \u015eahin, B\u00fcy\u00fck\u015fehir Belediye Ba\u015fkan\u0131 Muhittin B\u00f6cek, Cumhuriyet Ba\u015fsavc\u0131s\u0131 Yakup Ali Kahveci, \u0130l Emniyet M\u00fcd\u00fcr\u00fc \u0130lker Arslan, baz\u0131 AK Parti, CHP ve MHP Antalya Milletvekileri, belediye ba\u015fkanlar\u0131, baz\u0131 partilerin il ba\u015fkanlar\u0131, belediye meclis \u00fcyeleri, birlik, oda ve kooperatif ba\u015fkanlar\u0131, y\u00f6netim ve denetim kurulu \u00fcyeleri, muhtarlar, kooperatif ortaklar\u0131 ve \u00e7ok say\u0131da esnaf ve sanatkar kat\u0131ld\u0131. Program dualar ile ba\u015flad\u0131. \u0130ftar\u0131n ard\u0131ndan konu\u015fan AESOB Ba\u015fkan\u0131 Adl\u0131han Dere, \u201cYard\u0131mla\u015fma, dayan\u0131\u015fma, birlik ve beraberlikle, karde\u015flik duygular\u0131n\u0131n peki\u015fti\u011fi, g\u00fczelliklerle dolu, bu rahmet ay\u0131nda kalplerimizden sevgi, sofralar\u0131m\u0131zdan bolluk ve bereket, evlerinizden, hanelerimizden, i\u015f yerlerimizden huzur ve mutluluk eksik olmas\u0131n. Ramazan ay\u0131n\u0131n sevgi, bar\u0131\u015f, ho\u015fg\u00f6r\u00fc ortam\u0131n\u0131n geli\u015fmesine, insani ve ahlaki meziyetlerimizin yeniden ye\u015fermesine vesile olmas\u0131na, \u0130slam aleminin insanlara hay\u0131rlar getirmesini temenni ediyorum. Ramazan ay\u0131 boyunca bir\u00e7ok bereket sofras\u0131nda bulu\u015faca\u011f\u0131z. G\u00f6n\u00fclden g\u00f6n\u00fcle in\u015fa edilmi\u015f manevi k\u00f6pr\u00fcler sayesinde varl\u0131\u011f\u0131m\u0131z\u0131n da daha da g\u00fc\u00e7lenmesini diliyorum. \u0130n\u015fallah sava\u015fs\u0131z, bar\u0131\u015f i\u00e7erisinde yeniden bir ramazanda bulu\u015fma dile\u011fini buradan ifade etmek istiyorum&#8221; dedi. B\u00d6CEK: HEP B\u0130RL\u0130KTE B\u0130R ARADAYIZ B\u00fcy\u00fck\u015fehir Belediye Ba\u015fkan\u0131 Muhittin B\u00f6cek, \u201c\u00d6ncelikle ramazan ay\u0131n\u0131z\u0131 tebrik ediyorum. Allah\u0131m tutmu\u015f oldu\u011fumuz oru\u00e7lar\u0131n\u0131z\u0131 kabul eylesin. Ge\u00e7en y\u0131l yine burada sizlerle bulu\u015ftuk, ancak burada eksikler vard\u0131. Belediye ba\u015fkanlar\u0131n\u0131n se\u00e7im s\u00fcreci &hellip;"}